{"id":9875,"date":"2020-11-06T13:18:12","date_gmt":"2020-11-06T12:18:12","guid":{"rendered":"https:\/\/cultura.umh.es\/?page_id=9875"},"modified":"2025-10-30T09:51:28","modified_gmt":"2025-10-30T08:51:28","slug":"programa-cursos-dhivern-umh","status":"publish","type":"page","link":"https:\/\/cultura.umh.es\/es\/cursos\/cursosdhivern\/programa-cursos-dhivern-umh\/","title":{"rendered":"Programa Cursos de invierno UMH"},"content":{"rendered":"<p>Programa de Cursos de Invierno UMH 2025\/2026<br \/>\nLos cursos est\u00e1n ordenados por fecha de inicio<br \/>\nLa matr\u00edcula se realizar\u00e1 de forma electr\u00f3nica. Las plazas se adjudicar\u00e1n por riguroso orden de matriculaci\u00f3n.<\/p>\n<p><strong>Campus de Altea<\/strong><br \/>\n<div id=\"accordions-11823\" class=\"accordions-11823 accordions\">\r\n                <div id=\"accordions-lazy-11823\" class=\"accordions-lazy\">\r\n                    <\/div>\r\n        <script>\r\n            jQuery(window).load(function(){\r\n                jQuery('#accordions-lazy-11823').fadeOut();\r\n                jQuery('#accordions-11823 .items').fadeIn();\r\n            });\r\n        <\/script><style type='text\/css'>\r\n        @media only screen and (min-width: 1024px ){\r\n            #accordions-11823 {\r\n                            width: 100%;\r\n                        }\r\n        }\r\n        @media only screen and ( min-width: 768px ) and ( max-width: 1023px ) {\r\n            #accordions-11823 {\r\n                            width: 100%;\r\n                        }\r\n        }\r\n        @media only screen and ( min-width: 0px ) and ( max-width: 767px ){\r\n            #accordions-11823 {\r\n                            width: 100%;\r\n                        }\r\n        }\r\n                    #accordions-11823 .items {display: none;}\r\n            #accordions-11823 .accordions-lazy {\r\n                text-align: center;\r\n                position: absolute;\r\n                top: 50%;\r\n                left: 50%;\r\n                transform: translate(-50%, -50%);\r\n            }\r\n            #accordions-11823 {\r\n                            text-align: left;\r\n                                        background:#ffffff url() repeat scroll 0 0;\r\n                                    position: relative;\r\n        }\r\n        #accordions-11823 .accordions-head{\r\n                    background:#f9f3bb none repeat scroll 0 0;\r\n                                    outline: none;\r\n        }\r\n        #accordions-11823 .accordions-head-title{\r\n                            color:#000000;\r\n                            font-size:16px;\r\n                }\r\n        #accordions-11823 .accordions-head-title-toggle{\r\n                    color:#000000;\r\n                            font-size:16px;\r\n                }\r\n        #accordions-11823 .accordions-head:hover .accordions-head-title{\r\n                    color:#000000;\r\n                }\r\n        #accordions-11823 .ui-state-active{\r\n                    background: #f9ed7f;\r\n                    border: none;\r\n        }\r\n        #accordions-11823 .accordion-content{\r\n                            background:#fbffe0 none repeat scroll 0 0;\r\n                            color:#000000;\r\n                                            border: none;\r\n        }\r\n        #accordions-11823 .accordion-icons{\r\n                        color:#020202;\r\n                                                                    }\r\n        #accordions-11823 .accordions-head:hover .accordion-icons span{\r\n                    }\r\n            <\/style>\r\n    <div class=\"items\">\r\n                        <div post_id=\"11823\" itemcount=\"0\" header_id=\"header-1620650783959\" id=\"header-1620650783959\" style=\"\" class=\"accordions-head head1620650783959 border-none\" toggle-text=\"\" main-text=\"Parkuir. M\u00e1s all\u00e1 del deporte normativo: una cr\u00edtica deportiva con perspectiva queer\">\r\n                                            <span id=\"accordion-icons-1620650783959\" class=\"accordion-icons\">\r\n                            <span class=\"accordion-icon-active accordion-plus\"><i class=\"fa fas fa-chevron-down\"><\/i><\/span>\r\n                            <span class=\"accordion-icon-inactive accordion-minus\"><i class=\"fa fas fa-chevron-up\"><\/i><\/span>\r\n                        <\/span>\r\n                        <span id=\"header-text-1620650783959\" class=\"accordions-head-title\">Parkuir. M\u00e1s all\u00e1 del deporte normativo: una cr\u00edtica deportiva con perspectiva queer<\/span>\r\n                                        <\/div>\r\n                <div class=\"accordion-content content1620650783959 \">\r\n                    <p>Fechas: <span data-sheets-root=\"1\">02\/02\/2026 - 06\/02\/2026<\/span><br \/>\nDuraci\u00f3n: 25 horas<br \/>\nMatr\u00edcula Colectivo UMH y Tarjeta Solidaria: 55 \u20ac<br \/>\nMatr\u00edcula Tarjeta Extensa: 82,50 \u20ac<br \/>\nMatr\u00edcula general: 110 \u20ac<\/p>\n<p><a href=\"https:\/\/www.umh.es\/contenido\/Estudios\/:tit_fpo_17035\/datos_val.html\">Ir a informaci\u00f3n y matr\u00edcula de Parkuir. M\u00e1s all\u00e1 del deporte normativo: una cr\u00edtica deportiva con perspectiva queer<\/a><\/p>\n<p><a href=\"https:\/\/www.umh.es\/contenido\/Estudios\/:tit_fpo_17035\/datos_es.html?destino=impresora\">Ir a versi\u00f3n imprimible de Parkuir. M\u00e1s all\u00e1 del deporte normativo: una cr\u00edtica deportiva con perspectiva queer<\/a><\/p>\n                <\/div>\r\n                    <\/div>\r\n    <script>\r\n        jQuery(document).ready(function($){accordions_active_index_11823 = [];        })\r\n    <\/script>    <script>\r\n        jQuery(document).ready(function($){\r\n            accordion_11823  = $(\"#accordions-11823 .items\").accordion({\r\n                event: \"click\",\r\n                collapsible:true,\r\n                heightStyle: \"content\",\r\n                animate: (\"swing\", 1000),\r\n                navigation: true,\r\n                active: 999,\r\n                                beforeActivate: function(event, ui) {\r\n                    if (ui.newHeader[0]) {\r\n                        var currHeader  = ui.newHeader;\r\n                        var currContent = currHeader.next(\".ui-accordion-content\");\r\n                    } else {\r\n                        var currHeader  = ui.oldHeader;\r\n                        var currContent = currHeader.next(\".ui-accordion-content\");\r\n                    }\r\n                    var isPanelSelected = currHeader.attr(\"aria-selected\") == \"true\";\r\n                    currHeader.toggleClass(\"ui-corner-all\",isPanelSelected).toggleClass(\"accordion-header-active ui-state-active ui-corner-top\",!isPanelSelected).attr(\"aria-selected\",((!isPanelSelected).toString()));\r\n                    currHeader.children(\".ui-icon\").toggleClass(\"ui-icon-triangle-1-e\",isPanelSelected).toggleClass(\"ui-icon-triangle-1-s\",!isPanelSelected);\r\n                    currContent.toggleClass(\"accordion-content-active\",!isPanelSelected)\r\n                    if (isPanelSelected) { currContent.slideUp(); }  else { currContent.slideDown(); }\r\n                    return false;\r\n                },\r\n                            });\r\n        })\r\n    <\/script>\r\n                <\/div><\/p>\n<p><strong>Campus de Elche<\/strong><br \/>\n<div id=\"accordions-10684\" class=\"accordions-10684 accordions\">\r\n                <div id=\"accordions-lazy-10684\" class=\"accordions-lazy\">\r\n                    <\/div>\r\n        <script>\r\n            jQuery(window).load(function(){\r\n                jQuery('#accordions-lazy-10684').fadeOut();\r\n                jQuery('#accordions-10684 .items').fadeIn();\r\n            });\r\n        <\/script><style type='text\/css'>\r\n        @media only screen and (min-width: 1024px ){\r\n            #accordions-10684 {\r\n                            width: 100%;\r\n                        }\r\n        }\r\n        @media only screen and ( min-width: 768px ) and ( max-width: 1023px ) {\r\n            #accordions-10684 {\r\n                            width: 100%;\r\n                        }\r\n        }\r\n        @media only screen and ( min-width: 0px ) and ( max-width: 767px ){\r\n            #accordions-10684 {\r\n                            width: 100%;\r\n                        }\r\n        }\r\n                    #accordions-10684 .items {display: none;}\r\n            #accordions-10684 .accordions-lazy {\r\n                text-align: center;\r\n                position: absolute;\r\n                top: 50%;\r\n                left: 50%;\r\n                transform: translate(-50%, -50%);\r\n            }\r\n            #accordions-10684 {\r\n                            text-align: left;\r\n                                        background:#ffffff url() repeat scroll 0 0;\r\n                                    position: relative;\r\n        }\r\n        #accordions-10684 .accordions-head{\r\n                    background:#f9f3bb none repeat scroll 0 0;\r\n                                    outline: none;\r\n        }\r\n        #accordions-10684 .accordions-head-title{\r\n                            color:#000000;\r\n                            font-size:16px;\r\n                }\r\n        #accordions-10684 .accordions-head-title-toggle{\r\n                    color:#000000;\r\n                            font-size:16px;\r\n                }\r\n        #accordions-10684 .accordions-head:hover .accordions-head-title{\r\n                    color:#000000;\r\n                }\r\n        #accordions-10684 .ui-state-active{\r\n                    background: #f9ed7f;\r\n                    border: none;\r\n        }\r\n        #accordions-10684 .accordion-content{\r\n                            background:#fbffe0 none repeat scroll 0 0;\r\n                            color:#000000;\r\n                                            border: none;\r\n        }\r\n        #accordions-10684 .accordion-icons{\r\n                        color:#020202;\r\n                                                                    }\r\n        #accordions-10684 .accordions-head:hover .accordion-icons span{\r\n                    }\r\n            <\/style>\r\n    <div class=\"items\">\r\n                        <div post_id=\"10684\" itemcount=\"0\" header_id=\"header-1761507046074\" id=\"header-1761507046074\" style=\"\" class=\"accordions-head head1761507046074 border-none\" toggle-text=\"\" main-text=\"Historia del Fondill\u00f3n: Fondill\u00f3n y Panettone, un maridaje perfecto\">\r\n                                            <span id=\"accordion-icons-1761507046074\" class=\"accordion-icons\">\r\n                            <span class=\"accordion-icon-active accordion-plus\"><i class=\"fa fas fa-chevron-down\"><\/i><\/span>\r\n                            <span class=\"accordion-icon-inactive accordion-minus\"><i class=\"fa fas fa-chevron-up\"><\/i><\/span>\r\n                        <\/span>\r\n                        <span id=\"header-text-1761507046074\" class=\"accordions-head-title\">Historia del Fondill\u00f3n: Fondill\u00f3n y Panettone, un maridaje perfecto<\/span>\r\n                                        <\/div>\r\n                <div class=\"accordion-content content1761507046074 \">\r\n                    <p><span data-sheets-root=\"1\">Fechas: 11\/12\/2025 - 11\/12\/2025<br \/>\nDuraci\u00f3n: 4 horas<br \/>\n<\/span><span data-sheets-root=\"1\">Matr\u00edcula Colectivo UMH y Tarjeta Solidaria: 20 \u20ac<br \/>\nMatr\u00edcula Tarjeta Extensa: 22.50 \u20ac<br \/>\nMatr\u00edcula general: 30 \u20ac<\/span><\/p>\n<p><a href=\"https:\/\/www.umh.es\/contenido\/Estudios\/:tit_fpo_17315\/datos_es.html\">Ir a informaci\u00f3n y matr\u00edcula de historia del Fondill\u00f3n: Fondill\u00f3n y Panettone, un maridaje perfecto.<\/a><\/p>\n<p><a href=\"https:\/\/umh.es\/contenido\/Estudios\/:tit_fpo_17315\/datos_es.html?destino=impresora\">Ir a versi\u00f3n imprimible de historia del Fondill\u00f3n: Fondill\u00f3n y Panettone, un maridaje perfecto.\u00a0<\/a><\/p>\n                <\/div>\r\n                                <div post_id=\"10684\" itemcount=\"1\" header_id=\"header-1761507046426\" id=\"header-1761507046426\" style=\"\" class=\"accordions-head head1761507046426 border-none\" toggle-text=\"\" main-text=\"Iniciaci\u00f3n a los cultivos celulares. 4\u00aa edici\u00f3n\">\r\n                                            <span id=\"accordion-icons-1761507046426\" class=\"accordion-icons\">\r\n                            <span class=\"accordion-icon-active accordion-plus\"><i class=\"fa fas fa-chevron-down\"><\/i><\/span>\r\n                            <span class=\"accordion-icon-inactive accordion-minus\"><i class=\"fa fas fa-chevron-up\"><\/i><\/span>\r\n                        <\/span>\r\n                        <span id=\"header-text-1761507046426\" class=\"accordions-head-title\">Iniciaci\u00f3n a los cultivos celulares. 4\u00aa edici\u00f3n<\/span>\r\n                                        <\/div>\r\n                <div class=\"accordion-content content1761507046426 \">\r\n                    <p>Fechas: <span data-sheets-root=\"1\">26\/01\/2026-06\/02\/2026<\/span><br \/>\nDuraci\u00f3n: 25 horas<br \/>\nMatr\u00edcula Colectivo UMH i Tarjeta Solidaria: 55,00 \u20ac<br \/>\nMatr\u00edcula Tarjeta Extensa: 82,50 \u20ac<br \/>\nMatr\u00edcula general: 110 \u20ac<\/p>\n<p><a href=\"https:\/\/www.umh.es\/contenido\/Estudios\/:tit_fpo_17206\/datos_es.html\">Ir a informaci\u00f3n i matr\u00edcula de iniciaci\u00f3n a los cultivos celulares. 4\u00aa edici\u00f3n<\/a><\/p>\n<p><a href=\"https:\/\/umh.es\/contenido\/Estudios\/:tit_fpo_17206\/datos_es.html?destino=impresora\">Ir a versi\u00f3n imprimible de iniciaci\u00f3n a los cultivos celulares. 4\u00aa edici\u00f3n\u00a0<\/a><\/p>\n                <\/div>\r\n                                <div post_id=\"10684\" itemcount=\"2\" header_id=\"header-1761507045714\" id=\"header-1761507045714\" style=\"\" class=\"accordions-head head1761507045714 border-none\" toggle-text=\"\" main-text=\"Liderazgo e influencia social\">\r\n                                            <span id=\"accordion-icons-1761507045714\" class=\"accordion-icons\">\r\n                            <span class=\"accordion-icon-active accordion-plus\"><i class=\"fa fas fa-chevron-down\"><\/i><\/span>\r\n                            <span class=\"accordion-icon-inactive accordion-minus\"><i class=\"fa fas fa-chevron-up\"><\/i><\/span>\r\n                        <\/span>\r\n                        <span id=\"header-text-1761507045714\" class=\"accordions-head-title\">Liderazgo e influencia social<\/span>\r\n                                        <\/div>\r\n                <div class=\"accordion-content content1761507045714 \">\r\n                    <p>Fechas: <span data-sheets-root=\"1\">03\/02\/2026- 17\/02\/2026<\/span><br \/>\nDuraci\u00f3n: 25 horas<br \/>\nMatr\u00edcula Colectivo UMH y Tarjeta Solidaria: 55,00 \u20ac<br \/>\nMatr\u00edcula Tarjeta Extensa: 82,50 \u20ac<br \/>\nMatr\u00edcula general: 110 \u20ac<\/p>\n<p><a href=\"https:\/\/www.umh.es\/contenido\/Estudios\/:tit_fpo_17321\/datos_es.html\">Ir a informaci\u00f3n i matr\u00edcula de liderazgo e influencia social<\/a><\/p>\n<p><a href=\"https:\/\/umh.es\/contenido\/Estudios\/:tit_fpo_17321\/datos_es.html?destino=impresora\">Ir a versi\u00f3n imprimible de liderazgo e influencia social\u00a0<\/a><\/p>\n                <\/div>\r\n                                <div post_id=\"10684\" itemcount=\"3\" header_id=\"header-1761507047098\" id=\"header-1761507047098\" style=\"\" class=\"accordions-head head1761507047098 border-none\" toggle-text=\"\" main-text=\"Autoconocimiento para el desarrollo del pensamiento cr\u00edtico\">\r\n                                            <span id=\"accordion-icons-1761507047098\" class=\"accordion-icons\">\r\n                            <span class=\"accordion-icon-active accordion-plus\"><i class=\"fa fas fa-chevron-down\"><\/i><\/span>\r\n                            <span class=\"accordion-icon-inactive accordion-minus\"><i class=\"fa fas fa-chevron-up\"><\/i><\/span>\r\n                        <\/span>\r\n                        <span id=\"header-text-1761507047098\" class=\"accordions-head-title\">Autoconocimiento para el desarrollo del pensamiento cr\u00edtico<\/span>\r\n                                        <\/div>\r\n                <div class=\"accordion-content content1761507047098 \">\r\n                    <p><span data-sheets-root=\"1\">Fechas: 04\/02\/2026 - 25\/02\/2026<br \/>\nDuraci\u00f3n: 12 horas<br \/>\nMatr\u00edcula Colectivo UMH i Tarjeta Solidaria: 0 \u20ac<br \/>\nMatr\u00edcula Tarjeta Extensa: 0 \u20ac<br \/>\nMatr\u00edcula general: 0 \u20ac<br \/>\n<\/span><\/p>\n<p>Como novedad, para los cursos gratuitos de esta edici\u00f3n de cursos de invierno se ha implantado el pago de una fianza de 30 \u20ac, el importe de la cual ser\u00e1 devuelto una vez llego el acta del curso que indica si se es Apto\/Apta. La devoluci\u00f3n de esta fianza se devolver\u00e1 a la tarjeta con la cual se ha realizado el pago.<\/p>\n<p><a href=\"https:\/\/www.umh.es\/contenido\/Estudios\/:tit_fpo_17215\/datos_es.html\">Ir a informaci\u00f3n i matr\u00edcula de autoconocimiento para el desarrollo del pensamiento cr\u00edtico<\/a><\/p>\n<p><a href=\"https:\/\/umh.es\/contenido\/Estudios\/:tit_fpo_17215\/datos_es.html?destino=impresora\">Ir a versi\u00f3n imprimible de autoconocimiento para el desarrollo del pensamiento cr\u00edtico\u00a0<\/a><\/p>\n                <\/div>\r\n                                <div post_id=\"10684\" itemcount=\"4\" header_id=\"header-1761507047434\" id=\"header-1761507047434\" style=\"\" class=\"accordions-head head1761507047434 border-none\" toggle-text=\"\" main-text=\"An\u00e1lisis multivariante de datos con SPSS en el \u00e1mbito de ciencias de la salud. 10\u00aa edici\u00f3n\">\r\n                                            <span id=\"accordion-icons-1761507047434\" class=\"accordion-icons\">\r\n                            <span class=\"accordion-icon-active accordion-plus\"><i class=\"fa fas fa-chevron-down\"><\/i><\/span>\r\n                            <span class=\"accordion-icon-inactive accordion-minus\"><i class=\"fa fas fa-chevron-up\"><\/i><\/span>\r\n                        <\/span>\r\n                        <span id=\"header-text-1761507047434\" class=\"accordions-head-title\">An\u00e1lisis multivariante de datos con SPSS en el \u00e1mbito de ciencias de la salud. 10\u00aa edici\u00f3n<\/span>\r\n                                        <\/div>\r\n                <div class=\"accordion-content content1761507047434 \">\r\n                    <p>Fechas: <span data-sheets-root=\"1\">16\/02\/2026 - 19\/02\/2026<\/span><br \/>\nDuraci\u00f3n: 25 horas<br \/>\nMatr\u00edcula Colectivo UMH i Tarjeta Solidaria: 55,00 \u20ac<br \/>\nMatr\u00edcula Tarjeta Extensa: 82,50 \u20ac<br \/>\nMatr\u00edcula general: 110 \u20ac<\/p>\n<p><a href=\"https:\/\/www.umh.es\/contenido\/Estudios\/:tit_fpo_17080\/datos_es.html\">Ir a informaci\u00f3n i matr\u00edcula de\u00a0 an\u00e1lisis multivariante de datos con SPSS en el \u00e1mbito de ciencias de la salud. 10\u00aa edici\u00f3n<\/a><\/p>\n<p><a href=\"https:\/\/umh.es\/contenido\/Estudios\/:tit_fpo_17080\/datos_es.html?destino=impresora\">Ir a versi\u00f3n imprimible de an\u00e1lisis multivariante de datos con SPSS en el \u00e1mbito de ciencias de la salud. 10\u00aa edici\u00f3n\u00a0<\/a><\/p>\n                <\/div>\r\n                                <div post_id=\"10684\" itemcount=\"5\" header_id=\"header-1761507047762\" id=\"header-1761507047762\" style=\"\" class=\"accordions-head head1761507047762 border-none\" toggle-text=\"\" main-text=\"Direcci\u00f3n musical con pr\u00e1ctica orquestral \">\r\n                                            <span id=\"accordion-icons-1761507047762\" class=\"accordion-icons\">\r\n                            <span class=\"accordion-icon-active accordion-plus\"><i class=\"fa fas fa-chevron-down\"><\/i><\/span>\r\n                            <span class=\"accordion-icon-inactive accordion-minus\"><i class=\"fa fas fa-chevron-up\"><\/i><\/span>\r\n                        <\/span>\r\n                        <span id=\"header-text-1761507047762\" class=\"accordions-head-title\">Direcci\u00f3n musical con pr\u00e1ctica orquestral <\/span>\r\n                                        <\/div>\r\n                <div class=\"accordion-content content1761507047762 \">\r\n                    <p>Fechas: <span data-sheets-root=\"1\">26\/02\/2026 - 01\/03\/2026<\/span><br \/>\nDuraci\u00f3n: 25 horas<br \/>\nMatr\u00edcula Colectivo UMH i Tarjeta Solidaria: 260 \u20ac<br \/>\nMatr\u00edcula Tarjeta Extensa: 260 \u20ac<br \/>\nMatr\u00edcula general: 260 \u20ac<\/p>\n<p><a href=\"https:\/\/www.umh.es\/contenido\/Estudios\/:tit_fpo_17302\/datos_es.html\">Ir a informaci\u00f3n i matr\u00edcula de direcci\u00f3n musical con pr\u00e1ctica orquestral<\/a><\/p>\n<p><a href=\"https:\/\/umh.es\/contenido\/Estudios\/:tit_fpo_17302\/datos_es.html?destino=impresora\">Ir a versi\u00f3n imprimible de direcci\u00f3n musical con pr\u00e1ctica orquestral<\/a><\/p>\n                <\/div>\r\n                                <div post_id=\"10684\" itemcount=\"6\" header_id=\"header-1761507048138\" id=\"header-1761507048138\" style=\"\" class=\"accordions-head head1761507048138 border-none\" toggle-text=\"\" main-text=\"Direcci\u00f3n musical sin pr\u00e1ctica orquestal\">\r\n                                            <span id=\"accordion-icons-1761507048138\" class=\"accordion-icons\">\r\n                            <span class=\"accordion-icon-active accordion-plus\"><i class=\"fa fas fa-chevron-down\"><\/i><\/span>\r\n                            <span class=\"accordion-icon-inactive accordion-minus\"><i class=\"fa fas fa-chevron-up\"><\/i><\/span>\r\n                        <\/span>\r\n                        <span id=\"header-text-1761507048138\" class=\"accordions-head-title\">Direcci\u00f3n musical sin pr\u00e1ctica orquestal<\/span>\r\n                                        <\/div>\r\n                <div class=\"accordion-content content1761507048138 \">\r\n                    <p>Fechas: <span data-sheets-root=\"1\">26\/02\/2026 - 01\/03\/2026<\/span><br \/>\nDuraci\u00f3n: 25 horas<br \/>\nMatr\u00edcula Colectivo UMH i Tarjeta Solidaria: 55,00 \u20ac<br \/>\nMatr\u00edcula Tarjeta Extensa: 82,50 \u20ac<br \/>\nMatr\u00edcula general: 110 \u20ac<\/p>\n<p><a href=\"https:\/\/www.umh.es\/contenido\/Estudios\/:tit_fpo_17219\/datos_es.html\">Ir a informaci\u00f3n i matr\u00edcula de direcci\u00f3n musical sin pr\u00e1ctica orquestal<\/a><\/p>\n<p><a href=\"https:\/\/umh.es\/contenido\/Estudios\/:tit_fpo_17219\/datos_es.html?destino=impresora\">Ir a versi\u00f3n imprimible de direcci\u00f3n musical sin pr\u00e1ctica orquestal<\/a><\/p>\n                <\/div>\r\n                                <div post_id=\"10684\" itemcount=\"7\" header_id=\"header-1761507045179\" id=\"header-1761507045179\" style=\"\" class=\"accordions-head head1761507045179 border-none\" toggle-text=\"\" main-text=\"Bioingenier\u00eda innovadora: de la salud ocular a la tecnolog\u00eda del movimiento\">\r\n                                            <span id=\"accordion-icons-1761507045179\" class=\"accordion-icons\">\r\n                            <span class=\"accordion-icon-active accordion-plus\"><i class=\"fa fas fa-chevron-down\"><\/i><\/span>\r\n                            <span class=\"accordion-icon-inactive accordion-minus\"><i class=\"fa fas fa-chevron-up\"><\/i><\/span>\r\n                        <\/span>\r\n                        <span id=\"header-text-1761507045179\" class=\"accordions-head-title\">Bioingenier\u00eda innovadora: de la salud ocular a la tecnolog\u00eda del movimiento<\/span>\r\n                                        <\/div>\r\n                <div class=\"accordion-content content1761507045179 \">\r\n                    <p>Fechas: <span data-sheets-root=\"1\">01\/03\/2025 - 31\/03\/2026<\/span><br \/>\nDuraci\u00f3n: 25 horas<br \/>\nMatr\u00edcula Colectivo UMH y Tarjeta Solidaria: 55,00 \u20ac<br \/>\nMatr\u00edcula Tarjeta Extensa: 82,50 \u20ac<br \/>\nMatr\u00edcula general: 110 \u20ac<\/p>\n<p><a href=\"https:\/\/www.umh.es\/contenido\/Estudios\/:tit_fpo_17349\/datos_es.html\">Ir a informaci\u00f3n i matr\u00edcula de bioingenier\u00eda innovadora: de la salud ocular a la tecnolog\u00eda del movimiento<\/a><\/p>\n<p><a href=\"https:\/\/umh.es\/contenido\/Estudios\/:tit_fpo_17349\/datos_es.html?destino=impresora\">Ir a versi\u00f3n imprimible de bioingenier\u00eda innovadora: de la salud ocular a la tecnolog\u00eda del movimiento<\/a><\/p>\n                <\/div>\r\n                                <div post_id=\"10684\" itemcount=\"8\" header_id=\"header-1768308607041\" id=\"header-1768308607041\" style=\"\" class=\"accordions-head head1768308607041 border-none\" toggle-text=\"\" main-text=\"El autocuidado y la meditaci\u00f3n. 2\u00aa edici\u00f3n\">\r\n                                            <span id=\"accordion-icons-1768308607041\" class=\"accordion-icons\">\r\n                            <span class=\"accordion-icon-active accordion-plus\"><i class=\"fa fas fa-chevron-down\"><\/i><\/span>\r\n                            <span class=\"accordion-icon-inactive accordion-minus\"><i class=\"fa fas fa-chevron-up\"><\/i><\/span>\r\n                        <\/span>\r\n                        <span id=\"header-text-1768308607041\" class=\"accordions-head-title\">El autocuidado y la meditaci\u00f3n. 2\u00aa edici\u00f3n<\/span>\r\n                                        <\/div>\r\n                <div class=\"accordion-content content1768308607041 \">\r\n                    <p>Fechas: 02\/03\/2026 - 16\/03\/2026<br \/>\nDuraci\u00f3n: 25 horas<br \/>\nMatr\u00edcula Colectivo UMH i Tarjeta Solidaria: 55,00 \u20ac<br \/>\nMatr\u00edcula Tarjeta Extensa: 82,50 \u20ac<br \/>\nMatr\u00edcula general: 110 \u20ac<\/p>\n<p><a href=\"https:\/\/www.umh.es\/contenido\/Estudios\/:tit_fpo_17279\/datos_es.html\">Ir a informaci\u00f3n i matr\u00edcula de autocuidado y meditaci\u00f3n. 2\u00aa edici\u00f3n<\/a><\/p>\n<p><a href=\"https:\/\/www.umh.es\/contenido\/Estudios\/:tit_fpo_17279\/datos_es.html?destino=impresora\">Ir a versi\u00f3n imprimible de autocuidado y meditaci\u00f3n. 2\u00aa edici\u00f3n<\/a><\/p>\n                <\/div>\r\n                                <div post_id=\"10684\" itemcount=\"9\" header_id=\"header-1761507048498\" id=\"header-1761507048498\" style=\"\" class=\"accordions-head head1761507048498 border-none\" toggle-text=\"\" main-text=\"Graba tu videopodcast desde cero\">\r\n                                            <span id=\"accordion-icons-1761507048498\" class=\"accordion-icons\">\r\n                            <span class=\"accordion-icon-active accordion-plus\"><i class=\"fa fas fa-chevron-down\"><\/i><\/span>\r\n                            <span class=\"accordion-icon-inactive accordion-minus\"><i class=\"fa fas fa-chevron-up\"><\/i><\/span>\r\n                        <\/span>\r\n                        <span id=\"header-text-1761507048498\" class=\"accordions-head-title\">Graba tu videopodcast desde cero<\/span>\r\n                                        <\/div>\r\n                <div class=\"accordion-content content1761507048498 \">\r\n                    <p>Fechas: <span data-sheets-root=\"1\">04\/03\/2026 - 25\/03\/2025<\/span><br \/>\nDuraci\u00f3n: 25 horas<br \/>\nMatr\u00edcula Colectivo UMH i Tarjeta Solidaria: 55,00 \u20ac<br \/>\nMatr\u00edcula Tarjeta Extensa: 82,50 \u20ac<br \/>\nMatr\u00edcula general: 110 \u20ac<\/p>\n<p><a href=\"https:\/\/www.umh.es\/contenido\/Estudios\/:tit_fpo_17213\/datos_es.html\">Ir a informaci\u00f3n i matr\u00edcula de graba tu videopodcast desde cero<\/a><\/p>\n<p><a href=\"https:\/\/umh.es\/contenido\/Estudios\/:tit_fpo_17213\/datos_es.html?destino=impresora\">Ir a versi\u00f3n imprimible de graba tu videopodcast desde cero<\/a><\/p>\n                <\/div>\r\n                                <div post_id=\"10684\" itemcount=\"10\" header_id=\"header-1761507048841\" id=\"header-1761507048841\" style=\"\" class=\"accordions-head head1761507048841 border-none\" toggle-text=\"\" main-text=\"Monitor de parque zool\u00f3gico. 6\u00aa edici\u00f3n\">\r\n                                            <span id=\"accordion-icons-1761507048841\" class=\"accordion-icons\">\r\n                            <span class=\"accordion-icon-active accordion-plus\"><i class=\"fa fas fa-chevron-down\"><\/i><\/span>\r\n                            <span class=\"accordion-icon-inactive accordion-minus\"><i class=\"fa fas fa-chevron-up\"><\/i><\/span>\r\n                        <\/span>\r\n                        <span id=\"header-text-1761507048841\" class=\"accordions-head-title\">Monitor de parque zool\u00f3gico. 6\u00aa edici\u00f3n<\/span>\r\n                                        <\/div>\r\n                <div class=\"accordion-content content1761507048841 \">\r\n                    <p>Fechas: <span data-sheets-root=\"1\">06\/03\/2026 - 20\/03\/2026<\/span><br \/>\nDuraci\u00f3n: 25 horas<br \/>\nMatr\u00edcula Colectivo UMH i Tarjeta Solidaria: 55,00 \u20ac<br \/>\nMatr\u00edcula Tarjeta Extensa: 82,50 \u20ac<br \/>\nMatr\u00edcula general: 110 \u20ac<\/p>\n<p><a href=\"https:\/\/www.umh.es\/contenido\/Estudios\/:tit_fpo_17390\/datos_es.html\">Ir a informaci\u00f3n i matr\u00edcula de monitor de parque zool\u00f3gico. 6\u00aa <\/a><a href=\"https:\/\/www.umh.es\/contenido\/Estudios\/:tit_fpo_17390\/datos_val.html\">edici\u00f3n<\/a><\/p>\n<p><a href=\"https:\/\/umh.es\/contenido\/Estudios\/:tit_fpo_17390\/datos_es.html?destino=impresora\">Ir a versi\u00f3n imprimible de monitor de parque zool\u00f3gico. 6\u00aa edici\u00f3n\u00a0\u00a0<\/a><\/p>\n                <\/div>\r\n                                <div post_id=\"10684\" itemcount=\"11\" header_id=\"header-1761507049178\" id=\"header-1761507049178\" style=\"\" class=\"accordions-head head1761507049178 border-none\" toggle-text=\"\" main-text=\"Introduccion al an\u00e1lisis de datos cualitativos. 5\u00aa edici\u00f3n\">\r\n                                            <span id=\"accordion-icons-1761507049178\" class=\"accordion-icons\">\r\n                            <span class=\"accordion-icon-active accordion-plus\"><i class=\"fa fas fa-chevron-down\"><\/i><\/span>\r\n                            <span class=\"accordion-icon-inactive accordion-minus\"><i class=\"fa fas fa-chevron-up\"><\/i><\/span>\r\n                        <\/span>\r\n                        <span id=\"header-text-1761507049178\" class=\"accordions-head-title\">Introduccion al an\u00e1lisis de datos cualitativos. 5\u00aa edici\u00f3n<\/span>\r\n                                        <\/div>\r\n                <div class=\"accordion-content content1761507049178 \">\r\n                    <p>Fechas: <span data-sheets-root=\"1\">04\/05\/2026 - 13\/05\/2026<\/span><br \/>\nDuraci\u00f3n: 31 horas<br \/>\nMatr\u00edcula Colectivo UMH i Tarjeta Solidaria: 55,00 \u20ac<br \/>\nMatr\u00edcula Tarjeta Extensa: 82,50 \u20ac<br \/>\nMatr\u00edcula general: 110 \u20ac<\/p>\n<p><a href=\"https:\/\/www.umh.es\/contenido\/Estudios\/:tit_fpo_17130\/datos_es.html\">Ir a informaci\u00f3n i matr\u00edcula\u00a0Introduccion de an\u00e1lisis de datos cualitativos. 5\u00aa edici\u00f3n<\/a><\/p>\n<p><a href=\"https:\/\/umh.es\/contenido\/Estudios\/:tit_fpo_17130\/datos_es.html?destino=impresora\">Ir a versi\u00f3n imprimible de Introduccion al an\u00e1lisis de datos cualitativos. 5\u00aa edici\u00f3n\u00a0<\/a><\/p>\n                <\/div>\r\n                                <div post_id=\"10684\" itemcount=\"12\" header_id=\"header-1761507418936\" id=\"header-1761507418936\" style=\"\" class=\"accordions-head head1761507418936 border-none\" toggle-text=\"\" main-text=\"C\u00f3mo hacer el estado de la cuesti\u00f3n para un art\u00edculo cient\u00edfico, 4\u00aa edici\u00f3n\">\r\n                                            <span id=\"accordion-icons-1761507418936\" class=\"accordion-icons\">\r\n                            <span class=\"accordion-icon-active accordion-plus\"><i class=\"fa fas fa-chevron-down\"><\/i><\/span>\r\n                            <span class=\"accordion-icon-inactive accordion-minus\"><i class=\"fa fas fa-chevron-up\"><\/i><\/span>\r\n                        <\/span>\r\n                        <span id=\"header-text-1761507418936\" class=\"accordions-head-title\">C\u00f3mo hacer el estado de la cuesti\u00f3n para un art\u00edculo cient\u00edfico, 4\u00aa edici\u00f3n<\/span>\r\n                                        <\/div>\r\n                <div class=\"accordion-content content1761507418936 \">\r\n                    <p>Fechas: <span data-sheets-root=\"1\">18\/05\/2026 - 27\/05\/2026<\/span><br \/>\nDuraci\u00f3n: 25 horas<br \/>\nMatr\u00edcula Colectivo UMH i Tarjeta Solidaria: 55,00 \u20ac<br \/>\nMatr\u00edcula Tarjeta Extensa: 82,50 \u20ac<br \/>\nMatr\u00edcula general: 110 \u20ac<\/p>\n<p><a href=\"https:\/\/www.umh.es\/contenido\/Estudios\/:tit_fpo_17154\/datos_es.html\">Ir a informaci\u00f3n i matr\u00edcula de c\u00f3mo hacer el estado de la cuesti\u00f3n para un art\u00edculo cient\u00edfico, 4\u00aa edici\u00f3n<\/a><\/p>\n<p><a href=\"https:\/\/umh.es\/contenido\/Estudios\/:tit_fpo_17154\/datos_es.html?destino=impresora\">Ir a versi\u00f3n imprimible de c\u00f3mo hacer el estado de la cuesti\u00f3n para un art\u00edculo cient\u00edfico, 4\u00aa edici\u00f3n\u00a0<\/a><\/p>\n                <\/div>\r\n                    <\/div>\r\n    <script>\r\n        jQuery(document).ready(function($){accordions_active_index_10684 = [];        })\r\n    <\/script>    <script>\r\n        jQuery(document).ready(function($){\r\n            accordion_10684  = $(\"#accordions-10684 .items\").accordion({\r\n                event: \"click\",\r\n                collapsible:true,\r\n                heightStyle: \"content\",\r\n                animate: (\"swing\", 1000),\r\n                navigation: true,\r\n                active: 999,\r\n                                beforeActivate: function(event, ui) {\r\n                    if (ui.newHeader[0]) {\r\n                        var currHeader  = ui.newHeader;\r\n                        var currContent = currHeader.next(\".ui-accordion-content\");\r\n                    } else {\r\n                        var currHeader  = ui.oldHeader;\r\n                        var currContent = currHeader.next(\".ui-accordion-content\");\r\n                    }\r\n                    var isPanelSelected = currHeader.attr(\"aria-selected\") == \"true\";\r\n                    currHeader.toggleClass(\"ui-corner-all\",isPanelSelected).toggleClass(\"accordion-header-active ui-state-active ui-corner-top\",!isPanelSelected).attr(\"aria-selected\",((!isPanelSelected).toString()));\r\n                    currHeader.children(\".ui-icon\").toggleClass(\"ui-icon-triangle-1-e\",isPanelSelected).toggleClass(\"ui-icon-triangle-1-s\",!isPanelSelected);\r\n                    currContent.toggleClass(\"accordion-content-active\",!isPanelSelected)\r\n                    if (isPanelSelected) { currContent.slideUp(); }  else { currContent.slideDown(); }\r\n                    return false;\r\n                },\r\n                            });\r\n        })\r\n    <\/script>\r\n                <\/div><\/p>\n<p><strong>Campus de Orihuela<\/strong><br \/>\n<div id=\"accordions-10687\" class=\"accordions-10687 accordions\">\r\n                <div id=\"accordions-lazy-10687\" class=\"accordions-lazy\">\r\n                    <\/div>\r\n        <script>\r\n            jQuery(window).load(function(){\r\n                jQuery('#accordions-lazy-10687').fadeOut();\r\n                jQuery('#accordions-10687 .items').fadeIn();\r\n            });\r\n        <\/script><style type='text\/css'>\r\n        @media only screen and (min-width: 1024px ){\r\n            #accordions-10687 {\r\n                            width: 100%;\r\n                        }\r\n        }\r\n        @media only screen and ( min-width: 768px ) and ( max-width: 1023px ) {\r\n            #accordions-10687 {\r\n                            width: 100%;\r\n                        }\r\n        }\r\n        @media only screen and ( min-width: 0px ) and ( max-width: 767px ){\r\n            #accordions-10687 {\r\n                            width: 100%;\r\n                        }\r\n        }\r\n                    #accordions-10687 .items {display: none;}\r\n            #accordions-10687 .accordions-lazy {\r\n                text-align: center;\r\n                position: absolute;\r\n                top: 50%;\r\n                left: 50%;\r\n                transform: translate(-50%, -50%);\r\n            }\r\n            #accordions-10687 {\r\n                            text-align: left;\r\n                                        background:#ffffff url() repeat scroll 0 0;\r\n                                    position: relative;\r\n        }\r\n        #accordions-10687 .accordions-head{\r\n                    background:#f9f3bb none repeat scroll 0 0;\r\n                                    outline: none;\r\n        }\r\n        #accordions-10687 .accordions-head-title{\r\n                            color:#000000;\r\n                            font-size:16px;\r\n                }\r\n        #accordions-10687 .accordions-head-title-toggle{\r\n                    color:#000000;\r\n                            font-size:16px;\r\n                }\r\n        #accordions-10687 .accordions-head:hover .accordions-head-title{\r\n                    color:#000000;\r\n                }\r\n        #accordions-10687 .ui-state-active{\r\n                    background: #f9ed7f;\r\n                    border: none;\r\n        }\r\n        #accordions-10687 .accordion-content{\r\n                            background:#fbffe0 none repeat scroll 0 0;\r\n                            color:#000000;\r\n                                            border: none;\r\n        }\r\n        #accordions-10687 .accordion-icons{\r\n                        color:#020202;\r\n                                                                    }\r\n        #accordions-10687 .accordions-head:hover .accordion-icons span{\r\n                    }\r\n            <\/style>\r\n    <div class=\"items\">\r\n                        <div post_id=\"10687\" itemcount=\"0\" header_id=\"header-1761051187087\" id=\"header-1761051187087\" style=\"\" class=\"accordions-head head1761051187087 border-none\" toggle-text=\"\" main-text=\"Bioinform\u00e1tica para estudios metagen\u00f3micos\">\r\n                                            <span id=\"accordion-icons-1761051187087\" class=\"accordion-icons\">\r\n                            <span class=\"accordion-icon-active accordion-plus\"><i class=\"fa fas fa-chevron-down\"><\/i><\/span>\r\n                            <span class=\"accordion-icon-inactive accordion-minus\"><i class=\"fa fas fa-chevron-up\"><\/i><\/span>\r\n                        <\/span>\r\n                        <span id=\"header-text-1761051187087\" class=\"accordions-head-title\">Bioinform\u00e1tica para estudios metagen\u00f3micos<\/span>\r\n                                        <\/div>\r\n                <div class=\"accordion-content content1761051187087 \">\r\n                    <p>Fechas: 09\/12\/2025 - 12\/12\/2025<br \/>\nDuraci\u00f3n: 25 horas<br \/>\nMatr\u00edcula Colectivo UMH i Tarjeta Solidaria: 55,00 \u20ac<br \/>\nMatr\u00edcula Tarjeta Extensa: 82,50 \u20ac<br \/>\nMatr\u00edcula general: 110 \u20ac<\/p>\n<p><a href=\"https:\/\/www.umh.es\/contenido\/Estudios\/:tit_fpo_17313\/datos_val.html\">Ir a informaci\u00f3n i matr\u00edcula de bioinform\u00e1tica para estudios metagen\u00f3micos<\/a><\/p>\n<p><a href=\"https:\/\/www.umh.es\/contenido\/Estudios\/:tit_fpo_17313\/datos_es.html?destino=impresora\">Ir a versi\u00f3n imprimible de bioinform\u00e1tica para estudios metagen\u00f3micos<\/a><\/p>\n                <\/div>\r\n                                <div post_id=\"10687\" itemcount=\"1\" header_id=\"header-1761051189127\" id=\"header-1761051189127\" style=\"\" class=\"accordions-head head1761051189127 border-none\" toggle-text=\"\" main-text=\"Introducci\u00f3n a an\u00e1lisis estad\u00edstico en R commander\">\r\n                                            <span id=\"accordion-icons-1761051189127\" class=\"accordion-icons\">\r\n                            <span class=\"accordion-icon-active accordion-plus\"><i class=\"fa fas fa-chevron-down\"><\/i><\/span>\r\n                            <span class=\"accordion-icon-inactive accordion-minus\"><i class=\"fa fas fa-chevron-up\"><\/i><\/span>\r\n                        <\/span>\r\n                        <span id=\"header-text-1761051189127\" class=\"accordions-head-title\">Introducci\u00f3n a an\u00e1lisis estad\u00edstico en R commander<\/span>\r\n                                        <\/div>\r\n                <div class=\"accordion-content content1761051189127 \">\r\n                    <p>Fechas: 12\/01\/2026 - 22\/01\/2026<br \/>\nDuraci\u00f3n: 25 horas<br \/>\nMatr\u00edcula Colectivo UMH i Tarjeta Solidaria: 55,00 \u20ac<br \/>\nMatr\u00edcula Tarjeta Extensa: 82,50 \u20ac<br \/>\nMatr\u00edcula general: 110 \u20ac<\/p>\n<p><a href=\"https:\/\/www.umh.es\/contenido\/Estudios\/:tit_fpo_17018\/datos_val.html\">Ir a informaci\u00f3n y matr\u00edcula de introducci\u00f3n a an\u00e1lisis estad\u00edstico en R commander<\/a><\/p>\n<p><a href=\"https:\/\/www.umh.es\/contenido\/Estudios\/:tit_fpo_17018\/datos_es.html?destino=impresora\">Ir a versi\u00f3n imprimible de introducci\u00f3n a an\u00e1lisis estad\u00edstico en R commander<\/a><\/p>\n                <\/div>\r\n                                <div post_id=\"10687\" itemcount=\"2\" header_id=\"header-1761051189367\" id=\"header-1761051189367\" style=\"\" class=\"accordions-head head1761051189367 border-none\" toggle-text=\"\" main-text=\"Calidad alimentaria y certificaci\u00f3n hortofruct\u00edcola: GLOBAL G.A.P. 6\u00aa edici\u00f3n\">\r\n                                            <span id=\"accordion-icons-1761051189367\" class=\"accordion-icons\">\r\n                            <span class=\"accordion-icon-active accordion-plus\"><i class=\"fa fas fa-chevron-down\"><\/i><\/span>\r\n                            <span class=\"accordion-icon-inactive accordion-minus\"><i class=\"fa fas fa-chevron-up\"><\/i><\/span>\r\n                        <\/span>\r\n                        <span id=\"header-text-1761051189367\" class=\"accordions-head-title\">Calidad alimentaria y certificaci\u00f3n hortofruct\u00edcola: GLOBAL G.A.P. 6\u00aa edici\u00f3n<\/span>\r\n                                        <\/div>\r\n                <div class=\"accordion-content content1761051189367 \">\r\n                    <p>Fechas: 10\/02\/2026 - 12\/03\/2026<br \/>\nDuraci\u00f3n: 25 horas<br \/>\nMatr\u00edcula Colectivo UMH i Tarjeta Solidaria: 55,00 \u20ac<br \/>\nMatr\u00edcula Tarjeta Extensa: 82,50 \u20ac<br \/>\nMatr\u00edcula general: 110 \u20ac<\/p>\n<p><a href=\"https:\/\/www.umh.es\/contenido\/Estudios\/:tit_fpo_17057\/datos_val.html\">Ir a informaci\u00f3n y matr\u00edcula de calidad alimentaria y certificaci\u00f3n hortofruct\u00edcola: GLOBAL G.A.P. 6\u00aa edici\u00f3n<\/a><\/p>\n<p><a href=\"https:\/\/www.umh.es\/contenido\/Estudios\/:tit_fpo_17057\/datos_es.html?destino=impresora\">Ir a versi\u00f3n imprimible de calidad alimentaria y certificaci\u00f3n hortofruct\u00edcola: GLOBAL G.A.P. 6\u00aa edici\u00f3n<\/a><\/p>\n                <\/div>\r\n                    <\/div>\r\n    <script>\r\n        jQuery(document).ready(function($){accordions_active_index_10687 = [];        })\r\n    <\/script>    <script>\r\n        jQuery(document).ready(function($){\r\n            accordion_10687  = $(\"#accordions-10687 .items\").accordion({\r\n                event: \"click\",\r\n                collapsible:true,\r\n                heightStyle: \"content\",\r\n                animate: (\"swing\", 1000),\r\n                navigation: true,\r\n                active: 999,\r\n                                beforeActivate: function(event, ui) {\r\n                    if (ui.newHeader[0]) {\r\n                        var currHeader  = ui.newHeader;\r\n                        var currContent = currHeader.next(\".ui-accordion-content\");\r\n                    } else {\r\n                        var currHeader  = ui.oldHeader;\r\n                        var currContent = currHeader.next(\".ui-accordion-content\");\r\n                    }\r\n                    var isPanelSelected = currHeader.attr(\"aria-selected\") == \"true\";\r\n                    currHeader.toggleClass(\"ui-corner-all\",isPanelSelected).toggleClass(\"accordion-header-active ui-state-active ui-corner-top\",!isPanelSelected).attr(\"aria-selected\",((!isPanelSelected).toString()));\r\n                    currHeader.children(\".ui-icon\").toggleClass(\"ui-icon-triangle-1-e\",isPanelSelected).toggleClass(\"ui-icon-triangle-1-s\",!isPanelSelected);\r\n                    currContent.toggleClass(\"accordion-content-active\",!isPanelSelected)\r\n                    if (isPanelSelected) { currContent.slideUp(); }  else { currContent.slideDown(); }\r\n                    return false;\r\n                },\r\n                            });\r\n        })\r\n    <\/script>\r\n                <\/div><\/p>\n<p><strong>Pla\u00e7a de Baix, Elche<\/strong><br \/>\n<div id=\"accordions-10696\" class=\"accordions-10696 accordions\">\r\n                <div id=\"accordions-lazy-10696\" class=\"accordions-lazy\">\r\n                    <\/div>\r\n        <script>\r\n            jQuery(window).load(function(){\r\n                jQuery('#accordions-lazy-10696').fadeOut();\r\n                jQuery('#accordions-10696 .items').fadeIn();\r\n            });\r\n        <\/script><style type='text\/css'>\r\n        @media only screen and (min-width: 1024px ){\r\n            #accordions-10696 {\r\n                            width: 100%;\r\n                        }\r\n        }\r\n        @media only screen and ( min-width: 768px ) and ( max-width: 1023px ) {\r\n            #accordions-10696 {\r\n                            width: 100%;\r\n                        }\r\n        }\r\n        @media only screen and ( min-width: 0px ) and ( max-width: 767px ){\r\n            #accordions-10696 {\r\n                            width: 100%;\r\n                        }\r\n        }\r\n                    #accordions-10696 .items {display: none;}\r\n            #accordions-10696 .accordions-lazy {\r\n                text-align: center;\r\n                position: absolute;\r\n                top: 50%;\r\n                left: 50%;\r\n                transform: translate(-50%, -50%);\r\n            }\r\n            #accordions-10696 {\r\n                            text-align: left;\r\n                                        background:#ffffff url() repeat scroll 0 0;\r\n                                    position: relative;\r\n        }\r\n        #accordions-10696 .accordions-head{\r\n                    background:#f9f3bb none repeat scroll 0 0;\r\n                                    outline: none;\r\n        }\r\n        #accordions-10696 .accordions-head-title{\r\n                            color:#000000;\r\n                            font-size:16px;\r\n                }\r\n        #accordions-10696 .accordions-head-title-toggle{\r\n                    color:#000000;\r\n                            font-size:16px;\r\n                }\r\n        #accordions-10696 .accordions-head:hover .accordions-head-title{\r\n                    color:#000000;\r\n                }\r\n        #accordions-10696 .ui-state-active{\r\n                    background: #f9ed7f;\r\n                    border: none;\r\n        }\r\n        #accordions-10696 .accordion-content{\r\n                            background:#fbffe0 none repeat scroll 0 0;\r\n                            color:#000000;\r\n                                            border: none;\r\n        }\r\n        #accordions-10696 .accordion-icons{\r\n                        color:#020202;\r\n                                                                    }\r\n        #accordions-10696 .accordions-head:hover .accordion-icons span{\r\n                    }\r\n            <\/style>\r\n    <div class=\"items\">\r\n                        <div post_id=\"10696\" itemcount=\"0\" header_id=\"header-1761217153841\" id=\"header-1761217153841\" style=\"\" class=\"accordions-head head1761217153841 border-none\" toggle-text=\"\" main-text=\"Curso de escritura creativa: la construcci\u00f3n de un texto literario. 3\u00aa edici\u00f3n\">\r\n                                            <span id=\"accordion-icons-1761217153841\" class=\"accordion-icons\">\r\n                            <span class=\"accordion-icon-active accordion-plus\"><i class=\"fa fas fa-chevron-down\"><\/i><\/span>\r\n                            <span class=\"accordion-icon-inactive accordion-minus\"><i class=\"fa fas fa-chevron-up\"><\/i><\/span>\r\n                        <\/span>\r\n                        <span id=\"header-text-1761217153841\" class=\"accordions-head-title\">Curso de escritura creativa: la construcci\u00f3n de un texto literario. 3\u00aa edici\u00f3n<\/span>\r\n                                        <\/div>\r\n                <div class=\"accordion-content content1761217153841 \">\r\n                    <p>Fechas: <span data-sheets-root=\"1\">04\/02\/2026 - 18\/03\/2026<\/span><br \/>\nDuraci\u00f3n: 25 horas<br \/>\nMatr\u00edcula Colectivo UMH i Tarjeta Solidaria: 55,00 \u20ac<br \/>\nMatr\u00edcula Tarjeta Extensa: 82,50 \u20ac<br \/>\nMatr\u00edcula general: 110 \u20ac<\/p>\n<p><a href=\"https:\/\/www.umh.es\/contenido\/Estudios\/:tit_fpo_17136\/datos_val.html\">Ir a informaci\u00f3n y matr\u00edcula de \"Curso de escritura creativa: la construcci\u00f3n de un texto literario. 3\u00aa edici\u00f3n<\/a><\/p>\n<p><a href=\"https:\/\/www.umh.es\/contenido\/Estudios\/:tit_fpo_17136\/datos_es.html?destino=impresora\">Ir a version imprimible de Curso de escritura creativa: la construcci\u00f3n de un texto literario. 3\u00aa edici\u00f3n<\/a><\/p>\n                <\/div>\r\n                    <\/div>\r\n    <script>\r\n        jQuery(document).ready(function($){accordions_active_index_10696 = [];        })\r\n    <\/script>    <script>\r\n        jQuery(document).ready(function($){\r\n            accordion_10696  = $(\"#accordions-10696 .items\").accordion({\r\n                event: \"click\",\r\n                collapsible:true,\r\n                heightStyle: \"content\",\r\n                animate: (\"swing\", 1000),\r\n                navigation: true,\r\n                active: 999,\r\n                                beforeActivate: function(event, ui) {\r\n                    if (ui.newHeader[0]) {\r\n                        var currHeader  = ui.newHeader;\r\n                        var currContent = currHeader.next(\".ui-accordion-content\");\r\n                    } else {\r\n                        var currHeader  = ui.oldHeader;\r\n                        var currContent = currHeader.next(\".ui-accordion-content\");\r\n                    }\r\n                    var isPanelSelected = currHeader.attr(\"aria-selected\") == \"true\";\r\n                    currHeader.toggleClass(\"ui-corner-all\",isPanelSelected).toggleClass(\"accordion-header-active ui-state-active ui-corner-top\",!isPanelSelected).attr(\"aria-selected\",((!isPanelSelected).toString()));\r\n                    currHeader.children(\".ui-icon\").toggleClass(\"ui-icon-triangle-1-e\",isPanelSelected).toggleClass(\"ui-icon-triangle-1-s\",!isPanelSelected);\r\n                    currContent.toggleClass(\"accordion-content-active\",!isPanelSelected)\r\n                    if (isPanelSelected) { currContent.slideUp(); }  else { currContent.slideDown(); }\r\n                    return false;\r\n                },\r\n                            });\r\n        })\r\n    <\/script>\r\n                <\/div><\/p>\n<p><strong>Online<\/strong><br \/>\n<div id=\"accordions-10693\" class=\"accordions-10693 accordions\">\r\n                <div id=\"accordions-lazy-10693\" class=\"accordions-lazy\">\r\n                    <\/div>\r\n        <script>\r\n            jQuery(window).load(function(){\r\n                jQuery('#accordions-lazy-10693').fadeOut();\r\n                jQuery('#accordions-10693 .items').fadeIn();\r\n            });\r\n        <\/script><style type='text\/css'>\r\n        @media only screen and (min-width: 1024px ){\r\n            #accordions-10693 {\r\n                            width: 100%;\r\n                        }\r\n        }\r\n        @media only screen and ( min-width: 768px ) and ( max-width: 1023px ) {\r\n            #accordions-10693 {\r\n                            width: 100%;\r\n                        }\r\n        }\r\n        @media only screen and ( min-width: 0px ) and ( max-width: 767px ){\r\n            #accordions-10693 {\r\n                            width: 100%;\r\n                        }\r\n        }\r\n                    #accordions-10693 .items {display: none;}\r\n            #accordions-10693 .accordions-lazy {\r\n                text-align: center;\r\n                position: absolute;\r\n                top: 50%;\r\n                left: 50%;\r\n                transform: translate(-50%, -50%);\r\n            }\r\n            #accordions-10693 {\r\n                            text-align: left;\r\n                                        background:#ffffff url() repeat scroll 0 0;\r\n                                    position: relative;\r\n        }\r\n        #accordions-10693 .accordions-head{\r\n                    background:#f9f3bb none repeat scroll 0 0;\r\n                                    outline: none;\r\n        }\r\n        #accordions-10693 .accordions-head-title{\r\n                            color:#000000;\r\n                            font-size:16px;\r\n                }\r\n        #accordions-10693 .accordions-head-title-toggle{\r\n                    color:#000000;\r\n                            font-size:16px;\r\n                }\r\n        #accordions-10693 .accordions-head:hover .accordions-head-title{\r\n                    color:#000000;\r\n                }\r\n        #accordions-10693 .ui-state-active{\r\n                    background: #f9ed7f;\r\n                    border: none;\r\n        }\r\n        #accordions-10693 .accordion-content{\r\n                            background:#fbffe0 none repeat scroll 0 0;\r\n                            color:#000000;\r\n                                            border: none;\r\n        }\r\n        #accordions-10693 .accordion-icons{\r\n                        color:#020202;\r\n                                                                    }\r\n        #accordions-10693 .accordions-head:hover .accordion-icons span{\r\n                    }\r\n            <\/style>\r\n    <div class=\"items\">\r\n                        <div post_id=\"10693\" itemcount=\"0\" header_id=\"header-1761509168474\" id=\"header-1761509168474\" style=\"\" class=\"accordions-head head1761509168474 border-none\" toggle-text=\"\" main-text=\"Aprendiendo sobre la diversidad afectivo-sexual y de g\u00e9nero\">\r\n                                            <span id=\"accordion-icons-1761509168474\" class=\"accordion-icons\">\r\n                            <span class=\"accordion-icon-active accordion-plus\"><i class=\"fa fas fa-chevron-down\"><\/i><\/span>\r\n                            <span class=\"accordion-icon-inactive accordion-minus\"><i class=\"fa fas fa-chevron-up\"><\/i><\/span>\r\n                        <\/span>\r\n                        <span id=\"header-text-1761509168474\" class=\"accordions-head-title\">Aprendiendo sobre la diversidad afectivo-sexual y de g\u00e9nero<\/span>\r\n                                        <\/div>\r\n                <div class=\"accordion-content content1761509168474 \">\r\n                    <p>Fechas: 13\/11\/2025 - 11\/12\/2025<br \/>\nMatr\u00edcula Colectivo UMH y Tarjeta Solidaria: 0 \u20ac<br \/>\nMatr\u00edcula Tarjeta Extensa: 0 \u20ac<br \/>\nMatr\u00edcula general: 0 \u20ac<\/p>\n<p>Como novedad, para los cursos gratuitos de esta edici\u00f3n de cursos de invierno se ha implantado el pago de una fianza de 30 \u20ac, el importe de la cual ser\u00e1 devuelto una vez llego el acta del curso que indica si se es Apto\/Apta. La devoluci\u00f3n de esta fianza se devolver\u00e1 a la tarjeta con la cual se ha realizado el pago.<\/p>\n<p><a href=\"https:\/\/www.umh.es\/contenido\/Estudios\/:tit_fpo_17388\/datos_val.html\">Ir a informaci\u00f3n y matr\u00edcula de aprendiendo sobre la diversidad afectivo-sexual y de g\u00e9nero<\/a><\/p>\n<p><a href=\"https:\/\/umh.es\/contenido\/Estudios\/:tit_fpo_17388\/datos_es.html?destino=impresora\">Ir a versi\u00f3n imprimible de aprendiendo sobre la diversidad afectivo-sexual y de g\u00e9nero<\/a><\/p>\n                <\/div>\r\n                                <div post_id=\"10693\" itemcount=\"1\" header_id=\"header-1761509168803\" id=\"header-1761509168803\" style=\"\" class=\"accordions-head head1761509168803 border-none\" toggle-text=\"\" main-text=\"Las enfermedades neurol\u00f3gicas a trav\u00e9s del cine en el \u00e1mbito de la salud. 2\u00aa edici\u00f3n\">\r\n                                            <span id=\"accordion-icons-1761509168803\" class=\"accordion-icons\">\r\n                            <span class=\"accordion-icon-active accordion-plus\"><i class=\"fa fas fa-chevron-down\"><\/i><\/span>\r\n                            <span class=\"accordion-icon-inactive accordion-minus\"><i class=\"fa fas fa-chevron-up\"><\/i><\/span>\r\n                        <\/span>\r\n                        <span id=\"header-text-1761509168803\" class=\"accordions-head-title\">Las enfermedades neurol\u00f3gicas a trav\u00e9s del cine en el \u00e1mbito de la salud. 2\u00aa edici\u00f3n<\/span>\r\n                                        <\/div>\r\n                <div class=\"accordion-content content1761509168803 \">\r\n                    <p>Fechas: 24\/11\/2025 - 12\/01\/2026<br \/>\nMatr\u00edcula Colectivo UMH y Tarjeta Solidaria: 0 \u20ac<br \/>\nMatr\u00edcula Tarjeta Extensa: 0 \u20ac<br \/>\nMatr\u00edcula general: 0 \u20ac<\/p>\n<p>Como novedad, para los cursos gratuitos de esta edici\u00f3n de cursos de invierno se ha implantado el pago de una fianza de 30 \u20ac, el importe de la cual ser\u00e1 devuelto una vez llego el acta del curso que indica si se es Apto\/Apta. La devoluci\u00f3n de esta fianza se devolver\u00e1 a la tarjeta con la cual se ha realizado el pago.<\/p>\n<p><a href=\"https:\/\/www.umh.es\/contenido\/Estudios\/:tit_fpo_17023\/datos_val.html\">Ir a informaci\u00f3n y matr\u00edcula de las enfermedades neurol\u00f3gicas a trav\u00e9s del cine en el \u00e1mbito de la salud. 2\u00aa edici\u00f3n<\/a><\/p>\n<p><a href=\"https:\/\/umh.es\/contenido\/Estudios\/:tit_fpo_17023\/datos_es.html?destino=impresora\">Ir a versi\u00f3n imprimible de las enfermedades neurol\u00f3gicas a trav\u00e9s del cine en el \u00e1mbito de la salud. 2\u00aa edici\u00f3n<\/a><\/p>\n                <\/div>\r\n                                <div post_id=\"10693\" itemcount=\"2\" header_id=\"header-1761509169091\" id=\"header-1761509169091\" style=\"\" class=\"accordions-head head1761509169091 border-none\" toggle-text=\"\" main-text=\"Violencia sexual y atenci\u00f3n. Detecta el acoso sexual en tu entorno. 14\u00aa edici\u00f3n\">\r\n                                            <span id=\"accordion-icons-1761509169091\" class=\"accordion-icons\">\r\n                            <span class=\"accordion-icon-active accordion-plus\"><i class=\"fa fas fa-chevron-down\"><\/i><\/span>\r\n                            <span class=\"accordion-icon-inactive accordion-minus\"><i class=\"fa fas fa-chevron-up\"><\/i><\/span>\r\n                        <\/span>\r\n                        <span id=\"header-text-1761509169091\" class=\"accordions-head-title\">Violencia sexual y atenci\u00f3n. Detecta el acoso sexual en tu entorno. 14\u00aa edici\u00f3n<\/span>\r\n                                        <\/div>\r\n                <div class=\"accordion-content content1761509169091 \">\r\n                    <p>Fechas: <span data-sheets-root=\"1\">24\/11\/2025- 19\/12\/2025<\/span><br \/>\nMatr\u00edcula Colectivo UMH y Tarjeta Solidaria: 0 \u20ac<br \/>\nMatr\u00edcula Tarjeta Extensa: 0 \u20ac<br \/>\nMatr\u00edcula general: 0 \u20ac<\/p>\n<p>Como novedad, para los cursos gratuitos de esta edici\u00f3n de cursos de invierno se ha implantado el pago de una fianza de 30 \u20ac, el importe de la cual ser\u00e1 devuelto una vez llego el acta del curso que indica si se es Apto\/Apta. La devoluci\u00f3n de esta fianza se devolver\u00e1 a la tarjeta con la cual se ha realizado el pago.<\/p>\n<p><a href=\"https:\/\/www.umh.es\/contenido\/Estudios\/:tit_fpo_17175\/datos_val.html\">Ir a informaci\u00f3n y matr\u00edcula de violencia sexual y atenci\u00f3n. Detecta el acoso sexual en tu entorno. 13\u00aa edici\u00f3n<\/a><\/p>\n<p><a href=\"https:\/\/umh.es\/contenido\/Estudios\/:tit_fpo_17175\/datos_es.html?destino=impresora\">Ir a versi\u00f3n imprimible de violencia sexual y atenci\u00f3n. Detecta el acoso sexual en tu entorno. 13\u00aa edici\u00f3n<\/a><\/p>\n                <\/div>\r\n                                <div post_id=\"10693\" itemcount=\"3\" header_id=\"header-1761509169362\" id=\"header-1761509169362\" style=\"\" class=\"accordions-head head1761509169362 border-none\" toggle-text=\"\" main-text=\"Introducci\u00f3n a la abordaje de los delitos de odio, acercamiento al antigitanismo. 5\u00aa edici\u00f3n\">\r\n                                            <span id=\"accordion-icons-1761509169362\" class=\"accordion-icons\">\r\n                            <span class=\"accordion-icon-active accordion-plus\"><i class=\"fa fas fa-chevron-down\"><\/i><\/span>\r\n                            <span class=\"accordion-icon-inactive accordion-minus\"><i class=\"fa fas fa-chevron-up\"><\/i><\/span>\r\n                        <\/span>\r\n                        <span id=\"header-text-1761509169362\" class=\"accordions-head-title\">Introducci\u00f3n a la abordaje de los delitos de odio, acercamiento al antigitanismo. 5\u00aa edici\u00f3n<\/span>\r\n                                        <\/div>\r\n                <div class=\"accordion-content content1761509169362 \">\r\n                    <p>Fechas: 24\/11\/2025 - 19\/12\/2025<br \/>\nMatr\u00edcula Colectivo UMH y Tarjeta Solidaria: 0 \u20ac<br \/>\nMatr\u00edcula Tarjeta Extensa: 0 \u20ac<br \/>\nMatr\u00edcula general: 0 \u20ac<\/p>\n<p>Como novedad, para los cursos gratuitos de esta edici\u00f3n de cursos de invierno se ha implantado el pago de una fianza de 30 \u20ac, el importe de la cual ser\u00e1 devuelto una vez llego el acta del curso que indica si se es Apto\/Apta. La devoluci\u00f3n de esta fianza se devolver\u00e1 a la tarjeta con la cual se ha realizado el pago.<\/p>\n<p><a href=\"https:\/\/www.umh.es\/contenido\/Estudios\/:tit_fpo_17171\/datos_val.html\">Ir a informaci\u00f3n y matr\u00edcula de introducci\u00f3n a la abordaje de los delitos de odio, acercamiento al antigitanismo. 5\u00aa edici\u00f3n<\/a><\/p>\n<p><a href=\"https:\/\/umh.es\/contenido\/Estudios\/:tit_fpo_17171\/datos_es.html?destino=impresora\">Ir a versi\u00f3n imprimible de introducci\u00f3n a la abordaje de los delitos de odio, acercamiento al antigitanismo. 5\u00aa edici\u00f3n<\/a><\/p>\n                <\/div>\r\n                                <div post_id=\"10693\" itemcount=\"4\" header_id=\"header-1761509169626\" id=\"header-1761509169626\" style=\"\" class=\"accordions-head head1761509169626 border-none\" toggle-text=\"\" main-text=\"Ciberseguridad y hacking \u00e9tico. 2\u00aa edici\u00f3n\">\r\n                                            <span id=\"accordion-icons-1761509169626\" class=\"accordion-icons\">\r\n                            <span class=\"accordion-icon-active accordion-plus\"><i class=\"fa fas fa-chevron-down\"><\/i><\/span>\r\n                            <span class=\"accordion-icon-inactive accordion-minus\"><i class=\"fa fas fa-chevron-up\"><\/i><\/span>\r\n                        <\/span>\r\n                        <span id=\"header-text-1761509169626\" class=\"accordions-head-title\">Ciberseguridad y hacking \u00e9tico. 2\u00aa edici\u00f3n<\/span>\r\n                                        <\/div>\r\n                <div class=\"accordion-content content1761509169626 \">\r\n                    <p>Fechas: 23\/01\/2026 - 06\/03\/2026<br \/>\nMatr\u00edcula Colectivo UMH y Tarjeta Solidaria: 35 \u20ac<br \/>\nMatr\u00edcula Tarjeta Extensa: 35 \u20ac<br \/>\nMatr\u00edcula general: 35 \u20ac<\/p>\n<p><a href=\"https:\/\/www.umh.es\/contenido\/Estudios\/:tit_fpo_17113\/datos_val.html\">Ir a informaci\u00f3n y matr\u00edcula de ciberseguridad y hacking \u00e9tico. 2\u00aa edici\u00f3n<\/a><\/p>\n<p><a href=\"https:\/\/umh.es\/contenido\/Estudios\/:tit_fpo_17113\/datos_es.html?destino=impresora\">Ir a versi\u00f3n imprimible de ciberseguridad y hacking \u00e9tico. 2\u00aa edici\u00f3n<\/a><\/p>\n                <\/div>\r\n                                <div post_id=\"10693\" itemcount=\"5\" header_id=\"header-1761509169955\" id=\"header-1761509169955\" style=\"\" class=\"accordions-head head1761509169955 border-none\" toggle-text=\"\" main-text=\"Curso de bases en medicina paliativa. 10\u00aa edici\u00f3n\">\r\n                                            <span id=\"accordion-icons-1761509169955\" class=\"accordion-icons\">\r\n                            <span class=\"accordion-icon-active accordion-plus\"><i class=\"fa fas fa-chevron-down\"><\/i><\/span>\r\n                            <span class=\"accordion-icon-inactive accordion-minus\"><i class=\"fa fas fa-chevron-up\"><\/i><\/span>\r\n                        <\/span>\r\n                        <span id=\"header-text-1761509169955\" class=\"accordions-head-title\">Curso de bases en medicina paliativa. 10\u00aa edici\u00f3n<\/span>\r\n                                        <\/div>\r\n                <div class=\"accordion-content content1761509169955 \">\r\n                    <p>Fechas: 01\/02\/2026 - 28\/02\/2026<br \/>\nMatr\u00edcula Colectivo UMH y Tarjeta Solidaria: 35 \u20ac<br \/>\nMatr\u00edcula Tarjeta Extensa: 35 \u20ac<br \/>\nMatr\u00edcula general: 35 \u20ac<\/p>\n<p><a href=\"https:\/\/www.umh.es\/contenido\/Estudios\/:tit_fpo_17278\/datos_val.html\">Ir a informaci\u00f3n y matr\u00edcula de curso de bases en medicina paliativa. 10\u00aa edici\u00f3n<\/a><\/p>\n<p><a href=\"https:\/\/umh.es\/contenido\/Estudios\/:tit_fpo_17278\/datos_es.html?destino=impresora\">Ir a versi\u00f3n imprimible de curso de bases en medicina paliativa. 10\u00aa edici\u00f3n<\/a><\/p>\n                <\/div>\r\n                                <div post_id=\"10693\" itemcount=\"6\" header_id=\"header-1761509170546\" id=\"header-1761509170546\" style=\"\" class=\"accordions-head head1761509170546 border-none\" toggle-text=\"\" main-text=\"Preguntar(se), contrastar y argumentar: mecanismos para la b\u00fasqueda de la \u00abverdad\u00bb desde el paradigma del pensamiento cr\u00edtico. 3\u00aa edici\u00f3n\">\r\n                                            <span id=\"accordion-icons-1761509170546\" class=\"accordion-icons\">\r\n                            <span class=\"accordion-icon-active accordion-plus\"><i class=\"fa fas fa-chevron-down\"><\/i><\/span>\r\n                            <span class=\"accordion-icon-inactive accordion-minus\"><i class=\"fa fas fa-chevron-up\"><\/i><\/span>\r\n                        <\/span>\r\n                        <span id=\"header-text-1761509170546\" class=\"accordions-head-title\">Preguntar(se), contrastar y argumentar: mecanismos para la b\u00fasqueda de la \u00abverdad\u00bb desde el paradigma del pensamiento cr\u00edtico. 3\u00aa edici\u00f3n<\/span>\r\n                                        <\/div>\r\n                <div class=\"accordion-content content1761509170546 \">\r\n                    <p>Fechas: 03\/02\/2026 - 25\/02\/2026<br \/>\nMatr\u00edcula Colectivo UMH y Tarjeta Solidaria: 0 \u20ac<br \/>\nMatr\u00edcula Tarjeta Extensa: 0 \u20ac<br \/>\nMatr\u00edcula general: 0 \u20ac<\/p>\n<p>Como novedad, para los cursos gratuitos de esta edici\u00f3n de cursos de invierno se ha implantado el pago de una fianza de 30 \u20ac, el importe de la cual ser\u00e1 devuelto una vez llego el acta del curso que indica si se es Apto\/Apta. La devoluci\u00f3n de esta fianza se devolver\u00e1 a la tarjeta con la cual se ha realizado el pago.<\/p>\n<p><a href=\"https:\/\/www.umh.es\/contenido\/Estudios\/:tit_fpo_17079\/datos_val.html\">Ir a informaci\u00f3n y matr\u00edcula de preguntar(se), contrastar y argumentar: mecanismos para la b\u00fasqueda de la \u00abverdad\u00bb desde el paradigma del pensamiento cr\u00edtico. 3\u00aa edici\u00f3n<\/a><\/p>\n<p><a href=\"https:\/\/umh.es\/contenido\/Estudios\/:tit_fpo_17079\/datos_es.html?destino=impresora\">Ir a versi\u00f3n imprimible de preguntar(se), contrastar y argumentar: mecanismos para la b\u00fasqueda de la \u00abverdad\u00bb desde el paradigma del pensamiento cr\u00edtico. 3\u00aa edici\u00f3n<\/a><\/p>\n                <\/div>\r\n                                <div post_id=\"10693\" itemcount=\"7\" header_id=\"header-1761509170843\" id=\"header-1761509170843\" style=\"\" class=\"accordions-head head1761509170843 border-none\" toggle-text=\"\" main-text=\"Intervenci\u00f3n en trastornos de la conducta alimentar\u00eda e imagen corporal. 2\u00aa edici\u00f3n\">\r\n                                            <span id=\"accordion-icons-1761509170843\" class=\"accordion-icons\">\r\n                            <span class=\"accordion-icon-active accordion-plus\"><i class=\"fa fas fa-chevron-down\"><\/i><\/span>\r\n                            <span class=\"accordion-icon-inactive accordion-minus\"><i class=\"fa fas fa-chevron-up\"><\/i><\/span>\r\n                        <\/span>\r\n                        <span id=\"header-text-1761509170843\" class=\"accordions-head-title\">Intervenci\u00f3n en trastornos de la conducta alimentar\u00eda e imagen corporal. 2\u00aa edici\u00f3n<\/span>\r\n                                        <\/div>\r\n                <div class=\"accordion-content content1761509170843 \">\r\n                    <p>Fechas: 03\/02\/2026 - 24\/02\/2026<br \/>\nMatr\u00edcula Colectivo UMH y Tarjeta Solidaria: 35 \u20ac<br \/>\nMatr\u00edcula Tarjeta Extensa: 35 \u20ac<br \/>\nMatr\u00edcula general: 35 \u20ac<\/p>\n<p><a href=\"https:\/\/www.umh.es\/contenido\/Estudios\/:tit_fpo_17336\/datos_val.html\">Ir a informaci\u00f3n y matr\u00edcula de intervenci\u00f3n en trastornos de la conducta alimentar\u00eda e imagen corporal. 2\u00aa edici\u00f3n<\/a><\/p>\n<p><a href=\"https:\/\/umh.es\/contenido\/Estudios\/:tit_fpo_17336\/datos_es.html?destino=impresora\">Ir a versi\u00f3n imprimible de intervenci\u00f3n en trastornos de la conducta alimentar\u00eda e imagen corporal. 2\u00aa edici\u00f3n<\/a><\/p>\n                <\/div>\r\n                                <div post_id=\"10693\" itemcount=\"8\" header_id=\"header-1761509170251\" id=\"header-1761509170251\" style=\"\" class=\"accordions-head head1761509170251 border-none\" toggle-text=\"\" main-text=\"El proceso de escritura y publicaci\u00f3n de un art\u00edculo cient\u00edfico. 15\u00aa edici\u00f3n\">\r\n                                            <span id=\"accordion-icons-1761509170251\" class=\"accordion-icons\">\r\n                            <span class=\"accordion-icon-active accordion-plus\"><i class=\"fa fas fa-chevron-down\"><\/i><\/span>\r\n                            <span class=\"accordion-icon-inactive accordion-minus\"><i class=\"fa fas fa-chevron-up\"><\/i><\/span>\r\n                        <\/span>\r\n                        <span id=\"header-text-1761509170251\" class=\"accordions-head-title\">El proceso de escritura y publicaci\u00f3n de un art\u00edculo cient\u00edfico. 15\u00aa edici\u00f3n<\/span>\r\n                                        <\/div>\r\n                <div class=\"accordion-content content1761509170251 \">\r\n                    <p>Fechas: 04\/02\/2026 - 06\/03\/2026<br \/>\nMatr\u00edcula Colectivo UMH y Tarjeta Solidaria: 35 \u20ac<br \/>\nMatr\u00edcula Tarjeta Extensa: 35 \u20ac<br \/>\nMatr\u00edcula general: 35 \u20ac<\/p>\n<p><a href=\"https:\/\/www.umh.es\/contenido\/Estudios\/:tit_fpo_17277\/datos_val.html\">Ir a informaci\u00f3n y matr\u00edcula de el proceso de escritura y publicaci\u00f3n de un art\u00edculo cient\u00edfico. 15\u00aa edici\u00f3n<\/a><\/p>\n<p><a href=\"https:\/\/umh.es\/contenido\/Estudios\/:tit_fpo_17277\/datos_es.html?destino=impresora\">Ir a versi\u00f3n imprimible de el proceso de escritura y publicaci\u00f3n de un art\u00edculo cient\u00edfico. 15\u00aa edici\u00f3n<\/a><\/p>\n                <\/div>\r\n                                <div post_id=\"10693\" itemcount=\"9\" header_id=\"header-1761509171147\" id=\"header-1761509171147\" style=\"\" class=\"accordions-head head1761509171147 border-none\" toggle-text=\"\" main-text=\"Introducci\u00f3n a MATLAB para ingenier\u00eda\">\r\n                                            <span id=\"accordion-icons-1761509171147\" class=\"accordion-icons\">\r\n                            <span class=\"accordion-icon-active accordion-plus\"><i class=\"fa fas fa-chevron-down\"><\/i><\/span>\r\n                            <span class=\"accordion-icon-inactive accordion-minus\"><i class=\"fa fas fa-chevron-up\"><\/i><\/span>\r\n                        <\/span>\r\n                        <span id=\"header-text-1761509171147\" class=\"accordions-head-title\">Introducci\u00f3n a MATLAB para ingenier\u00eda<\/span>\r\n                                        <\/div>\r\n                <div class=\"accordion-content content1761509171147 \">\r\n                    <p>Fechas: 09\/02\/2026 - 19\/02\/2026<br \/>\nMatr\u00edcula Colectivo UMH y Tarjeta Solidaria: 35 \u20ac<br \/>\nMatr\u00edcula Tarjeta Extensa: 35 \u20ac<br \/>\nMatr\u00edcula general: 35 \u20ac<\/p>\n<p><a href=\"https:\/\/www.umh.es\/contenido\/Estudios\/:tit_fpo_17301\/datos_val.html\">Ir a informaci\u00f3n y matr\u00edcula de introducci\u00f3n a MATLAB para ingenier\u00eda<\/a><\/p>\n<p><a href=\"https:\/\/umh.es\/contenido\/Estudios\/:tit_fpo_17301\/datos_es.html?destino=impresora\">Ir a versi\u00f3n imprimible de introducci\u00f3n a MATLAB para ingenier\u00eda<\/a><\/p>\n                <\/div>\r\n                                <div post_id=\"10693\" itemcount=\"10\" header_id=\"header-1761509171490\" id=\"header-1761509171490\" style=\"\" class=\"accordions-head head1761509171490 border-none\" toggle-text=\"\" main-text=\"La representaci\u00f3n del pueblo gitano en el cine\">\r\n                                            <span id=\"accordion-icons-1761509171490\" class=\"accordion-icons\">\r\n                            <span class=\"accordion-icon-active accordion-plus\"><i class=\"fa fas fa-chevron-down\"><\/i><\/span>\r\n                            <span class=\"accordion-icon-inactive accordion-minus\"><i class=\"fa fas fa-chevron-up\"><\/i><\/span>\r\n                        <\/span>\r\n                        <span id=\"header-text-1761509171490\" class=\"accordions-head-title\">La representaci\u00f3n del pueblo gitano en el cine<\/span>\r\n                                        <\/div>\r\n                <div class=\"accordion-content content1761509171490 \">\r\n                    <p>Fechas: 09\/02\/2026 - 10\/03\/2026<br \/>\nMatr\u00edcula Colectivo UMH y Tarjeta Solidaria: 0 \u20ac<br \/>\nMatr\u00edcula Tarjeta Extensa: 0 \u20ac<br \/>\nMatr\u00edcula general: 0 \u20ac<\/p>\n<p>Como novedad, para los cursos gratuitos de esta edici\u00f3n de cursos de invierno se ha implantado el pago de una fianza de 30 \u20ac, el importe de la cual ser\u00e1 devuelto una vez llego el acta del curso que indica si se es Apto\/Apta. La devoluci\u00f3n de esta fianza se devolver\u00e1 a la tarjeta con la cual se ha realizado el pago.<\/p>\n<p><a href=\"https:\/\/www.umh.es\/contenido\/Estudios\/:tit_fpo_17274\/datos_val.html\">Ir a informaci\u00f3n y matr\u00edcula de la representaci\u00f3n del pueblo gitano en el cine<\/a><\/p>\n<p><a href=\"https:\/\/umh.es\/contenido\/Estudios\/:tit_fpo_17274\/datos_es.html?destino=impresora\">Ir a versi\u00f3n imprimible de la representaci\u00f3n del pueblo gitano en el cine<\/a><\/p>\n                <\/div>\r\n                                <div post_id=\"10693\" itemcount=\"11\" header_id=\"header-1761509171803\" id=\"header-1761509171803\" style=\"\" class=\"accordions-head head1761509171803 border-none\" toggle-text=\"\" main-text=\"La igualdad entre mujeres y hombres y el lenguaje inclusivo. 4\u00aa edici\u00f3n\">\r\n                                            <span id=\"accordion-icons-1761509171803\" class=\"accordion-icons\">\r\n                            <span class=\"accordion-icon-active accordion-plus\"><i class=\"fa fas fa-chevron-down\"><\/i><\/span>\r\n                            <span class=\"accordion-icon-inactive accordion-minus\"><i class=\"fa fas fa-chevron-up\"><\/i><\/span>\r\n                        <\/span>\r\n                        <span id=\"header-text-1761509171803\" class=\"accordions-head-title\">La igualdad entre mujeres y hombres y el lenguaje inclusivo. 4\u00aa edici\u00f3n<\/span>\r\n                                        <\/div>\r\n                <div class=\"accordion-content content1761509171803 \">\r\n                    <p>Fechas: 10\/02\/2026 - 03\/03\/2026<br \/>\nMatr\u00edcula Colectivo UMH y Tarjeta Solidaria: 0 \u20ac<br \/>\nMatr\u00edcula Tarjeta Extensa: 0 \u20ac<br \/>\nMatr\u00edcula general: 0 \u20ac<\/p>\n<p>Como novedad, para los cursos gratuitos de esta edici\u00f3n de cursos de invierno se ha implantado el pago de una fianza de 30 \u20ac, el importe de la cual ser\u00e1 devuelto una vez llego el acta del curso que indica si se es Apto\/Apta. La devoluci\u00f3n de esta fianza se devolver\u00e1 a la tarjeta con la cual se ha realizado el pago.<\/p>\n<p><a href=\"https:\/\/www.umh.es\/contenido\/Estudios\/:tit_fpo_17177\/datos_val.html\">Ir a informaci\u00f3n y matr\u00edcula de la igualdad entre mujeres y hombres y el lenguaje inclusivo. 4\u00aa edici\u00f3n<\/a><\/p>\n<p><a href=\"https:\/\/umh.es\/contenido\/Estudios\/:tit_fpo_17177\/datos_es.html?destino=impresora\">Ir a versi\u00f3n imprimible de la igualdad entre mujeres y hombres y el lenguaje inclusivo. 4\u00aa edici\u00f3n<\/a><\/p>\n                <\/div>\r\n                                <div post_id=\"10693\" itemcount=\"12\" header_id=\"header-1761509172115\" id=\"header-1761509172115\" style=\"\" class=\"accordions-head head1761509172115 border-none\" toggle-text=\"\" main-text=\"Inteligencia artificial generativa para el desarrollo web y productividad personal. 2\u00aa edici\u00f3n\">\r\n                                            <span id=\"accordion-icons-1761509172115\" class=\"accordion-icons\">\r\n                            <span class=\"accordion-icon-active accordion-plus\"><i class=\"fa fas fa-chevron-down\"><\/i><\/span>\r\n                            <span class=\"accordion-icon-inactive accordion-minus\"><i class=\"fa fas fa-chevron-up\"><\/i><\/span>\r\n                        <\/span>\r\n                        <span id=\"header-text-1761509172115\" class=\"accordions-head-title\">Inteligencia artificial generativa para el desarrollo web y productividad personal. 2\u00aa edici\u00f3n<\/span>\r\n                                        <\/div>\r\n                <div class=\"accordion-content content1761509172115 \">\r\n                    <p>Fechas: 11\/02\/2026 - 04\/03\/2026<br \/>\nMatr\u00edcula Colectivo UMH y Tarjeta Solidaria: 35 \u20ac<br \/>\nMatr\u00edcula Tarjeta Extensa: 35 \u20ac<br \/>\nMatr\u00edcula general: 35 \u20ac<\/p>\n<p><a href=\"https:\/\/www.umh.es\/contenido\/Estudios\/:tit_fpo_17098\/datos_val.html\">Ir a informaci\u00f3n y matr\u00edcula de inteligencia artificial generativa para el desarrollo web y productividad personal. 2\u00aa edici\u00f3n<\/a><\/p>\n<p><a href=\"https:\/\/umh.es\/contenido\/Estudios\/:tit_fpo_17098\/datos_es.html?destino=impresora\">Ir a versi\u00f3n imprimible de inteligencia artificial generativa para el desarrollo web y productividad personal. 2\u00aa edici\u00f3n<\/a><\/p>\n                <\/div>\r\n                                <div post_id=\"10693\" itemcount=\"13\" header_id=\"header-1761509172434\" id=\"header-1761509172434\" style=\"\" class=\"accordions-head head1761509172434 border-none\" toggle-text=\"\" main-text=\"Exploraci\u00f3n cl\u00ednica y neuropsicol\u00f3gica en la enfermedad del alzheimer\">\r\n                                            <span id=\"accordion-icons-1761509172434\" class=\"accordion-icons\">\r\n                            <span class=\"accordion-icon-active accordion-plus\"><i class=\"fa fas fa-chevron-down\"><\/i><\/span>\r\n                            <span class=\"accordion-icon-inactive accordion-minus\"><i class=\"fa fas fa-chevron-up\"><\/i><\/span>\r\n                        <\/span>\r\n                        <span id=\"header-text-1761509172434\" class=\"accordions-head-title\">Exploraci\u00f3n cl\u00ednica y neuropsicol\u00f3gica en la enfermedad del alzheimer<\/span>\r\n                                        <\/div>\r\n                <div class=\"accordion-content content1761509172434 \">\r\n                    <p>Fechas: 23\/02\/2026 - 23\/03\/2026<br \/>\nMatr\u00edcula Colectivo UMH y Tarjeta Solidaria: 35 \u20ac<br \/>\nMatr\u00edcula Tarjeta Extensa: 35 \u20ac<br \/>\nMatr\u00edcula general: 35 \u20ac<\/p>\n<p><a href=\"https:\/\/www.umh.es\/contenido\/Estudios\/:tit_fpo_17010\/datos_val.html\">Ir a informaci\u00f3n y matr\u00edcula de Exploraci\u00f3n cl\u00ednica y neuropsicol\u00f3gica en la enfermedad del alzheimer<\/a><\/p>\n<p><a href=\"https:\/\/umh.es\/contenido\/Estudios\/:tit_fpo_17010\/datos_es.html?destino=impresora\">Ir a versi\u00f3n imprimible de exploraci\u00f3n cl\u00ednica y neuropsicol\u00f3gica en la enfermedad del alzheimer<\/a><\/p>\n                <\/div>\r\n                                <div post_id=\"10693\" itemcount=\"14\" header_id=\"header-1761509172722\" id=\"header-1761509172722\" style=\"\" class=\"accordions-head head1761509172722 border-none\" toggle-text=\"\" main-text=\"Estrategias de control de la ira y agresividad en ni\u00f1os: un modelo de intervenci\u00f3n paso a paso. 4\u00aa edici\u00f3n\">\r\n                                            <span id=\"accordion-icons-1761509172722\" class=\"accordion-icons\">\r\n                            <span class=\"accordion-icon-active accordion-plus\"><i class=\"fa fas fa-chevron-down\"><\/i><\/span>\r\n                            <span class=\"accordion-icon-inactive accordion-minus\"><i class=\"fa fas fa-chevron-up\"><\/i><\/span>\r\n                        <\/span>\r\n                        <span id=\"header-text-1761509172722\" class=\"accordions-head-title\">Estrategias de control de la ira y agresividad en ni\u00f1os: un modelo de intervenci\u00f3n paso a paso. 4\u00aa edici\u00f3n<\/span>\r\n                                        <\/div>\r\n                <div class=\"accordion-content content1761509172722 \">\r\n                    <p>Fechas: 01\/03\/2026 - 31\/03\/2026<br \/>\nMatr\u00edcula Colectivo UMH y Tarjeta Solidaria: 35 \u20ac<br \/>\nMatr\u00edcula Tarjeta Extensa: 35 \u20ac<br \/>\nMatr\u00edcula general: 35 \u20ac<\/p>\n<p><a href=\"https:\/\/www.umh.es\/contenido\/Estudios\/:tit_fpo_17104\/datos_val.html\">Ir a informaci\u00f3n y matr\u00edcula de Estrategias de control de la ira y agresividad en ni\u00f1os: un modelo de intervenci\u00f3n paso a paso. 4\u00aa edici\u00f3n<\/a><\/p>\n<p><a href=\"https:\/\/umh.es\/contenido\/Estudios\/:tit_fpo_17104\/datos_es.html?destino=impresora\">Ir a versi\u00f3n imprimible de estrategias de control de la ira y agresividad en ni\u00f1os: un modelo de intervenci\u00f3n paso a paso. 4\u00aa edici\u00f3n<\/a><\/p>\n                <\/div>\r\n                                <div post_id=\"10693\" itemcount=\"15\" header_id=\"header-1761509173027\" id=\"header-1761509173027\" style=\"\" class=\"accordions-head head1761509173027 border-none\" toggle-text=\"\" main-text=\"Aprende lo m\u00e1s importante de Microsoft Excel. 13\u00aa edici\u00f3n\">\r\n                                            <span id=\"accordion-icons-1761509173027\" class=\"accordion-icons\">\r\n                            <span class=\"accordion-icon-active accordion-plus\"><i class=\"fa fas fa-chevron-down\"><\/i><\/span>\r\n                            <span class=\"accordion-icon-inactive accordion-minus\"><i class=\"fa fas fa-chevron-up\"><\/i><\/span>\r\n                        <\/span>\r\n                        <span id=\"header-text-1761509173027\" class=\"accordions-head-title\">Aprende lo m\u00e1s importante de Microsoft Excel. 13\u00aa edici\u00f3n<\/span>\r\n                                        <\/div>\r\n                <div class=\"accordion-content content1761509173027 \">\r\n                    <p>Fechas: 01\/03\/2026 - 31\/03\/2026<br \/>\nMatr\u00edcula Colectivo UMH y Tarjeta Solidaria: 35 \u20ac<br \/>\nMatr\u00edcula Tarjeta Extensa: 35 \u20ac<br \/>\nMatr\u00edcula general: 35 \u20ac<\/p>\n<p><a href=\"https:\/\/www.umh.es\/contenido\/Estudios\/:tit_fpo_17459\/datos_val.html\">Ir a informaci\u00f3n y matr\u00edcula de aprende lo m\u00e1s importante de microsoft excel. 13\u00aa edici\u00f3n<\/a><\/p>\n<p><a href=\"https:\/\/umh.es\/contenido\/Estudios\/:tit_fpo_17459\/datos_es.html?destino=impresora\">Ir a versi\u00f3n imprimible es aprende lo m\u00e1s importante de Microsoft Excel. 13\u00aa edici\u00f3n<\/a><\/p>\n                <\/div>\r\n                                <div post_id=\"10693\" itemcount=\"16\" header_id=\"header-1761509173355\" id=\"header-1761509173355\" style=\"\" class=\"accordions-head head1761509173355 border-none\" toggle-text=\"\" main-text=\"Introducci\u00f3n a la evaluaci\u00f3n neuropsicol\u00f3gica III: percepci\u00f3n, visoespacialidad, visoconstrucci\u00f3n, praxias y lenguaje\">\r\n                                            <span id=\"accordion-icons-1761509173355\" class=\"accordion-icons\">\r\n                            <span class=\"accordion-icon-active accordion-plus\"><i class=\"fa fas fa-chevron-down\"><\/i><\/span>\r\n                            <span class=\"accordion-icon-inactive accordion-minus\"><i class=\"fa fas fa-chevron-up\"><\/i><\/span>\r\n                        <\/span>\r\n                        <span id=\"header-text-1761509173355\" class=\"accordions-head-title\">Introducci\u00f3n a la evaluaci\u00f3n neuropsicol\u00f3gica III: percepci\u00f3n, visoespacialidad, visoconstrucci\u00f3n, praxias y lenguaje<\/span>\r\n                                        <\/div>\r\n                <div class=\"accordion-content content1761509173355 \">\r\n                    <p>Fechas: 01\/03\/2026 - 01\/04\/2026<br \/>\nMatr\u00edcula Colectivo UMH y Tarjeta Solidaria: 35 \u20ac<br \/>\nMatr\u00edcula Tarjeta Extensa: 35 \u20ac<br \/>\nMatr\u00edcula general: 35 \u20ac<\/p>\n<p><a href=\"https:\/\/www.umh.es\/contenido\/Estudios\/:tit_fpo_17185\/datos_val.html\">Ir a informaci\u00f3n y matr\u00edcula de introducci\u00f3n a la evaluaci\u00f3n neuropsicol\u00f3gica III: percepci\u00f3n, visoespacialidad, visoconstrucci\u00f3n, praxias y lenguaje<\/a><\/p>\n<p><a href=\"https:\/\/umh.es\/contenido\/Estudios\/:tit_fpo_17185\/datos_es.html?destino=impresora\">Ir a versi\u00f3n imprimible de introducci\u00f3n a la evaluaci\u00f3n neuropsicol\u00f3gica III: percepci\u00f3n, visoespacialidad, visoconstrucci\u00f3n, praxias y lenguaje<\/a><\/p>\n                <\/div>\r\n                                <div post_id=\"10693\" itemcount=\"17\" header_id=\"header-1761509173650\" id=\"header-1761509173650\" style=\"\" class=\"accordions-head head1761509173650 border-none\" toggle-text=\"\" main-text=\"Violencia de g\u00e9nero y sistema sanitario: detecci\u00f3n y atenci\u00f3n a las v\u00edctimas. 12\u00aa edici\u00f3n\">\r\n                                            <span id=\"accordion-icons-1761509173650\" class=\"accordion-icons\">\r\n                            <span class=\"accordion-icon-active accordion-plus\"><i class=\"fa fas fa-chevron-down\"><\/i><\/span>\r\n                            <span class=\"accordion-icon-inactive accordion-minus\"><i class=\"fa fas fa-chevron-up\"><\/i><\/span>\r\n                        <\/span>\r\n                        <span id=\"header-text-1761509173650\" class=\"accordions-head-title\">Violencia de g\u00e9nero y sistema sanitario: detecci\u00f3n y atenci\u00f3n a las v\u00edctimas. 12\u00aa edici\u00f3n<\/span>\r\n                                        <\/div>\r\n                <div class=\"accordion-content content1761509173650 \">\r\n                    <p>Fechas: <span data-sheets-root=\"1\">02\/03\/2026- 27\/03\/202<\/span><\/p>\n<p>Matr\u00edcula Colectivo UMH y Tarjeta Solidaria: 0 \u20ac<br \/>\nMatr\u00edcula Tarjeta Extensa: 0 \u20ac<br \/>\nMatr\u00edcula general: 0 \u20ac<\/p>\n<p>Como novedad, para los cursos gratuitos de esta edici\u00f3n de cursos de invierno se ha implantado el pago de una fianza de 30 \u20ac, el importe de la cual ser\u00e1 devuelto una vez llego el acta del curso que indica si se es Apto\/Apta. La devoluci\u00f3n de esta fianza se devolver\u00e1 a la tarjeta con la cual se ha realizado el pago.<\/p>\n<p><a href=\"https:\/\/www.umh.es\/contenido\/Estudios\/:tit_fpo_16151\/datos_val.html\">Ir a informaci\u00f3n y matr\u00edcula de violencia de g\u00e9nero y sistema sanitario: detecci\u00f3n y atenci\u00f3n a las v\u00edctimas. 11\u00aa edici\u00f3n<\/a><\/p>\n<p><a href=\"https:\/\/umh.es\/contenido\/Estudios\/:tit_fpo_16151\/datos_es.html?destino=impresora\">Ir a versi\u00f3n imprimible de violencia de g\u00e9nero y sistema sanitario: detecci\u00f3n y atenci\u00f3n a las v\u00edctimas. 11\u00aa edici\u00f3n<\/a><\/p>\n                <\/div>\r\n                                <div post_id=\"10693\" itemcount=\"18\" header_id=\"header-1761509173970\" id=\"header-1761509173970\" style=\"\" class=\"accordions-head head1761509173970 border-none\" toggle-text=\"\" main-text=\"Evaluaci\u00f3n e intervenci\u00f3n psicol\u00f3gica en el trastorno del espectro autista en poblaci\u00f3n infantojuvenil. 3\u00aa edici\u00f3n\">\r\n                                            <span id=\"accordion-icons-1761509173970\" class=\"accordion-icons\">\r\n                            <span class=\"accordion-icon-active accordion-plus\"><i class=\"fa fas fa-chevron-down\"><\/i><\/span>\r\n                            <span class=\"accordion-icon-inactive accordion-minus\"><i class=\"fa fas fa-chevron-up\"><\/i><\/span>\r\n                        <\/span>\r\n                        <span id=\"header-text-1761509173970\" class=\"accordions-head-title\">Evaluaci\u00f3n e intervenci\u00f3n psicol\u00f3gica en el trastorno del espectro autista en poblaci\u00f3n infantojuvenil. 3\u00aa edici\u00f3n<\/span>\r\n                                        <\/div>\r\n                <div class=\"accordion-content content1761509173970 \">\r\n                    <p>Fechas: 02\/03\/2026 - 31\/03\/2026<br \/>\nMatr\u00edcula Colectivo UMH y Tarjeta Solidaria: 35 \u20ac<br \/>\nMatr\u00edcula Tarjeta Extensa: 35 \u20ac<br \/>\nMatr\u00edcula general: 35 \u20ac<\/p>\n<p><a href=\"https:\/\/www.umh.es\/contenido\/Estudios\/:tit_fpo_17205\/datos_val.html\">Ir a informaci\u00f3n y matr\u00edcula de evaluaci\u00f3n e intevenci\u00f3n psicol\u00f3gica en el trastorno del espectro autista en poblaci\u00f3n infantojuvenil. 3\u00aa edici\u00f3n<\/a><\/p>\n<p><a href=\"https:\/\/umh.es\/contenido\/Estudios\/:tit_fpo_17205\/datos_es.html?destino=impresora\">Ir a versi\u00f3n imprimible de evaluaci\u00f3n e intervenci\u00f3n psicol\u00f3gica en el trastorno del espectro autista en poblaci\u00f3n infantojuvenil. 3\u00aa edici\u00f3n<\/a><\/p>\n                <\/div>\r\n                                <div post_id=\"10693\" itemcount=\"19\" header_id=\"header-1761509174242\" id=\"header-1761509174242\" style=\"\" class=\"accordions-head head1761509174242 border-none\" toggle-text=\"\" main-text=\"Identidad, autoestima y desaf\u00edos digitales: juventud conectada\">\r\n                                            <span id=\"accordion-icons-1761509174242\" class=\"accordion-icons\">\r\n                            <span class=\"accordion-icon-active accordion-plus\"><i class=\"fa fas fa-chevron-down\"><\/i><\/span>\r\n                            <span class=\"accordion-icon-inactive accordion-minus\"><i class=\"fa fas fa-chevron-up\"><\/i><\/span>\r\n                        <\/span>\r\n                        <span id=\"header-text-1761509174242\" class=\"accordions-head-title\">Identidad, autoestima y desaf\u00edos digitales: juventud conectada<\/span>\r\n                                        <\/div>\r\n                <div class=\"accordion-content content1761509174242 \">\r\n                    <p>Fechas: 05\/03\/2026 - 13\/03\/2026<br \/>\nMatr\u00edcula Colectivo UMH y Tarjeta Solidaria: 35 \u20ac<br \/>\nMatr\u00edcula Tarjeta Extensa: 35 \u20ac<br \/>\nMatr\u00edcula general: 35 \u20ac<\/p>\n<p><a href=\"https:\/\/www.umh.es\/contenido\/Estudios\/:tit_fpo_17109\/datos_val.html\">Ir a informaci\u00f3n y matr\u00edcula de identidad, autoestima y desaf\u00edos digitales: juventud conectada<\/a><\/p>\n<p><a href=\"https:\/\/umh.es\/contenido\/Estudios\/:tit_fpo_17109\/datos_es.html?destino=impresora\">Ir a versi\u00f3n imprimible de identidad, autoestima y desaf\u00edos digitales: juventud conectada<\/a><\/p>\n                <\/div>\r\n                                <div post_id=\"10693\" itemcount=\"20\" header_id=\"header-1761509174546\" id=\"header-1761509174546\" style=\"\" class=\"accordions-head head1761509174546 border-none\" toggle-text=\"\" main-text=\"El trauma psicol\u00f3gico: aportaciones al tratamiento desde la neurociencia\">\r\n                                            <span id=\"accordion-icons-1761509174546\" class=\"accordion-icons\">\r\n                            <span class=\"accordion-icon-active accordion-plus\"><i class=\"fa fas fa-chevron-down\"><\/i><\/span>\r\n                            <span class=\"accordion-icon-inactive accordion-minus\"><i class=\"fa fas fa-chevron-up\"><\/i><\/span>\r\n                        <\/span>\r\n                        <span id=\"header-text-1761509174546\" class=\"accordions-head-title\">El trauma psicol\u00f3gico: aportaciones al tratamiento desde la neurociencia<\/span>\r\n                                        <\/div>\r\n                <div class=\"accordion-content content1761509174546 \">\r\n                    <p>Fechas: 21\/03\/2026 - 04\/04\/2026<br \/>\nMatr\u00edcula Colectivo UMH y Tarjeta Solidaria: 35 \u20ac<br \/>\nMatr\u00edcula Tarjeta Extensa: 35 \u20ac<br \/>\nMatr\u00edcula general: 35 \u20ac<\/p>\n<p><a href=\"https:\/\/www.umh.es\/contenido\/Estudios\/:tit_fpo_17001\/datos_val.html\">Ir a informaci\u00f3n y matr\u00edcula de el trauma psicol\u00f3gico: aportaciones al tratamiento desde la neurociencia<\/a><\/p>\n<p><a href=\"https:\/\/umh.es\/contenido\/Estudios\/:tit_fpo_17001\/datos_es.html?destino=impresora\">Ir a versi\u00f3n imprimible de el trauma psicol\u00f3gico: aportaciones al tratamiento desde la neurociencia<\/a><\/p>\n                <\/div>\r\n                                <div post_id=\"10693\" itemcount=\"21\" header_id=\"header-1761509174851\" id=\"header-1761509174851\" style=\"\" class=\"accordions-head head1761509174851 border-none\" toggle-text=\"\" main-text=\"Como hacer un TFG y no morir en el intento. 7\u00aa edici\u00f3n\">\r\n                                            <span id=\"accordion-icons-1761509174851\" class=\"accordion-icons\">\r\n                            <span class=\"accordion-icon-active accordion-plus\"><i class=\"fa fas fa-chevron-down\"><\/i><\/span>\r\n                            <span class=\"accordion-icon-inactive accordion-minus\"><i class=\"fa fas fa-chevron-up\"><\/i><\/span>\r\n                        <\/span>\r\n                        <span id=\"header-text-1761509174851\" class=\"accordions-head-title\">Como hacer un TFG y no morir en el intento. 7\u00aa edici\u00f3n<\/span>\r\n                                        <\/div>\r\n                <div class=\"accordion-content content1761509174851 \">\r\n                    <p>Fechas: 01\/04\/2026 - 30\/04\/2026<br \/>\nMatr\u00edcula Colectivo UMH y Tarjeta Solidaria: 35 \u20ac<br \/>\nMatr\u00edcula Tarjeta Extensa: 35 \u20ac<br \/>\nMatr\u00edcula general: 35 \u20ac<\/p>\n<p><a href=\"https:\/\/www.umh.es\/contenido\/Estudios\/:tit_fpo_17303\/datos_val.html\">Ir a informaci\u00f3n y matr\u00edcula de c\u00f3mo hacer un TFG y no morir en el intento. 7\u00aa edici\u00f3n<\/a><\/p>\n<p><a href=\"https:\/\/umh.es\/contenido\/Estudios\/:tit_fpo_17303\/datos_es.html?destino=impresora\">Ir a versi\u00f3n imprimible de como hacer un TFG y no morir en el intento. 7\u00aa edici\u00f3n<\/a><\/p>\n                <\/div>\r\n                                <div post_id=\"10693\" itemcount=\"22\" header_id=\"header-1761509175186\" id=\"header-1761509175186\" style=\"\" class=\"accordions-head head1761509175186 border-none\" toggle-text=\"\" main-text=\"Introducci\u00f3n a la nanobiotecnolog\u00eda. 12\u00aa edici\u00f3n\">\r\n                                            <span id=\"accordion-icons-1761509175186\" class=\"accordion-icons\">\r\n                            <span class=\"accordion-icon-active accordion-plus\"><i class=\"fa fas fa-chevron-down\"><\/i><\/span>\r\n                            <span class=\"accordion-icon-inactive accordion-minus\"><i class=\"fa fas fa-chevron-up\"><\/i><\/span>\r\n                        <\/span>\r\n                        <span id=\"header-text-1761509175186\" class=\"accordions-head-title\">Introducci\u00f3n a la nanobiotecnolog\u00eda. 12\u00aa edici\u00f3n<\/span>\r\n                                        <\/div>\r\n                <div class=\"accordion-content content1761509175186 \">\r\n                    <p>Fechas: 01\/04\/2026 - 30\/04\/2026<br \/>\nMatr\u00edcula Colectivo UMH y Tarjeta Solidaria: 35 \u20ac<br \/>\nMatr\u00edcula Tarjeta Extensa: 35 \u20ac<br \/>\nMatr\u00edcula general: 35 \u20ac<\/p>\n<p><a href=\"https:\/\/www.umh.es\/contenido\/Estudios\/:tit_fpo_17300\/datos_val.html\">Ir a informaci\u00f3n y matr\u00edcula de introducci\u00f3n a la nanobiotecnolog\u00eda. 12\u00aa edici\u00f3n<\/a><\/p>\n<p><a href=\"https:\/\/umh.es\/contenido\/Estudios\/:tit_fpo_17300\/datos_es.html?destino=impresora\">Ir a versi\u00f3n imprimible de introducci\u00f3n a la nanobiotecnolog\u00eda. 12\u00aa edici\u00f3n<\/a><\/p>\n                <\/div>\r\n                                <div post_id=\"10693\" itemcount=\"23\" header_id=\"header-1761509175522\" id=\"header-1761509175522\" style=\"\" class=\"accordions-head head1761509175522 border-none\" toggle-text=\"\" main-text=\"Investigaci\u00f3n en virolog\u00eda: aspectos generales y avanzados. 8\u00aa edici\u00f3n\">\r\n                                            <span id=\"accordion-icons-1761509175522\" class=\"accordion-icons\">\r\n                            <span class=\"accordion-icon-active accordion-plus\"><i class=\"fa fas fa-chevron-down\"><\/i><\/span>\r\n                            <span class=\"accordion-icon-inactive accordion-minus\"><i class=\"fa fas fa-chevron-up\"><\/i><\/span>\r\n                        <\/span>\r\n                        <span id=\"header-text-1761509175522\" class=\"accordions-head-title\">Investigaci\u00f3n en virolog\u00eda: aspectos generales y avanzados. 8\u00aa edici\u00f3n<\/span>\r\n                                        <\/div>\r\n                <div class=\"accordion-content content1761509175522 \">\r\n                    <p>Fechas: 01\/04\/2026 - 30\/04\/2026<br \/>\nMatr\u00edcula Colectivo UMH y Tarjeta Solidaria: 35 \u20ac<br \/>\nMatr\u00edcula Tarjeta Extensa: 35 \u20ac<br \/>\nMatr\u00edcula general: 35 \u20ac<\/p>\n<p><a href=\"https:\/\/www.umh.es\/contenido\/Estudios\/:tit_fpo_17212\/datos_val.html\">Ir a informaci\u00f3n y matr\u00edcula de investigaci\u00f3n en virolog\u00eda: aspectos generales y avanzados. 8\u00aa edici\u00f3n<\/a><\/p>\n<p><a href=\"https:\/\/umh.es\/contenido\/Estudios\/:tit_fpo_17212\/datos_es.html?destino=impresora\">Ir a versi\u00f3n imprimible de investigaci\u00f3n en virolog\u00eda: aspectos generales y avanzados. 8\u00aa edici\u00f3n<\/a><\/p>\n                <\/div>\r\n                                <div post_id=\"10693\" itemcount=\"24\" header_id=\"header-1761509175850\" id=\"header-1761509175850\" style=\"\" class=\"accordions-head head1761509175850 border-none\" toggle-text=\"\" main-text=\"T\u00e9cnicas para una comunicaci\u00f3n cient\u00edfica efectiva. 2\u00aa edici\u00f3n\">\r\n                                            <span id=\"accordion-icons-1761509175850\" class=\"accordion-icons\">\r\n                            <span class=\"accordion-icon-active accordion-plus\"><i class=\"fa fas fa-chevron-down\"><\/i><\/span>\r\n                            <span class=\"accordion-icon-inactive accordion-minus\"><i class=\"fa fas fa-chevron-up\"><\/i><\/span>\r\n                        <\/span>\r\n                        <span id=\"header-text-1761509175850\" class=\"accordions-head-title\">T\u00e9cnicas para una comunicaci\u00f3n cient\u00edfica efectiva. 2\u00aa edici\u00f3n<\/span>\r\n                                        <\/div>\r\n                <div class=\"accordion-content content1761509175850 \">\r\n                    <p>Fechas: 01\/04\/2026 - 30\/04\/2026<br \/>\nMatr\u00edcula Colectivo UMH y Tarjeta Solidaria: 35 \u20ac<br \/>\nMatr\u00edcula Tarjeta Extensa: 35 \u20ac<br \/>\nMatr\u00edcula general: 35 \u20ac<\/p>\n<p><a href=\"https:\/\/www.umh.es\/contenido\/Estudios\/:tit_fpo_17210\/datos_val.html\">Ir a informaci\u00f3n y matr\u00edcula de t\u00e9cnicas para una comunicaci\u00f3n cient\u00edfica efectiva. 2\u00aa edici\u00f3n<\/a><\/p>\n<p><a href=\"https:\/\/umh.es\/contenido\/Estudios\/:tit_fpo_17210\/datos_es.html?destino=impresora\">Ir a versi\u00f3n imprimible t\u00e9cnicas para una comunicaci\u00f3n cient\u00edfica efectiva. 2\u00aa edici\u00f3n<\/a><\/p>\n                <\/div>\r\n                                <div post_id=\"10693\" itemcount=\"25\" header_id=\"header-1761509176162\" id=\"header-1761509176162\" style=\"\" class=\"accordions-head head1761509176162 border-none\" toggle-text=\"\" main-text=\"Neuropsicolog\u00eda en la evaluaci\u00f3n del deterioro cognitivo y demencias. 7\u00aa edici\u00f3n\">\r\n                                            <span id=\"accordion-icons-1761509176162\" class=\"accordion-icons\">\r\n                            <span class=\"accordion-icon-active accordion-plus\"><i class=\"fa fas fa-chevron-down\"><\/i><\/span>\r\n                            <span class=\"accordion-icon-inactive accordion-minus\"><i class=\"fa fas fa-chevron-up\"><\/i><\/span>\r\n                        <\/span>\r\n                        <span id=\"header-text-1761509176162\" class=\"accordions-head-title\">Neuropsicolog\u00eda en la evaluaci\u00f3n del deterioro cognitivo y demencias. 7\u00aa edici\u00f3n<\/span>\r\n                                        <\/div>\r\n                <div class=\"accordion-content content1761509176162 \">\r\n                    <p>Fechas: 01\/04\/2026 - 21\/04\/2026<br \/>\nMatr\u00edcula Colectivo UMH y Tarjeta Solidaria: 35 \u20ac<br \/>\nMatr\u00edcula Tarjeta Extensa: 35 \u20ac<br \/>\nMatr\u00edcula general: 35 \u20ac<\/p>\n<p><a href=\"https:\/\/www.umh.es\/contenido\/Estudios\/:tit_fpo_17029\/datos_val.html\">Ir a informaci\u00f3n y matr\u00edcula de neuropsicolog\u00eda en la evaluaci\u00f3n del deterioro cognitivo y demencias. 7\u00aa edici\u00f3n<\/a><\/p>\n<p><a href=\"https:\/\/umh.es\/contenido\/Estudios\/:tit_fpo_17029\/datos_es.html?destino=impresora\">Ir a versi\u00f3n imprimible de neuropsicolog\u00eda en la evaluaci\u00f3n del deterioro cognitivo y demencias. 7\u00aa edici\u00f3n<\/a><\/p>\n                <\/div>\r\n                    <\/div>\r\n    <script>\r\n        jQuery(document).ready(function($){accordions_active_index_10693 = [];        })\r\n    <\/script>    <script>\r\n        jQuery(document).ready(function($){\r\n            accordion_10693  = $(\"#accordions-10693 .items\").accordion({\r\n                event: \"click\",\r\n                collapsible:true,\r\n                heightStyle: \"content\",\r\n                animate: (\"swing\", 1000),\r\n                navigation: true,\r\n                active: 999,\r\n                                beforeActivate: function(event, ui) {\r\n                    if (ui.newHeader[0]) {\r\n                        var currHeader  = ui.newHeader;\r\n                        var currContent = currHeader.next(\".ui-accordion-content\");\r\n                    } else {\r\n                        var currHeader  = ui.oldHeader;\r\n                        var currContent = currHeader.next(\".ui-accordion-content\");\r\n                    }\r\n                    var isPanelSelected = currHeader.attr(\"aria-selected\") == \"true\";\r\n                    currHeader.toggleClass(\"ui-corner-all\",isPanelSelected).toggleClass(\"accordion-header-active ui-state-active ui-corner-top\",!isPanelSelected).attr(\"aria-selected\",((!isPanelSelected).toString()));\r\n                    currHeader.children(\".ui-icon\").toggleClass(\"ui-icon-triangle-1-e\",isPanelSelected).toggleClass(\"ui-icon-triangle-1-s\",!isPanelSelected);\r\n                    currContent.toggleClass(\"accordion-content-active\",!isPanelSelected)\r\n                    if (isPanelSelected) { currContent.slideUp(); }  else { currContent.slideDown(); }\r\n                    return false;\r\n                },\r\n                            });\r\n        })\r\n    <\/script>\r\n                <\/div><\/p>","protected":false},"excerpt":{"rendered":"<p>Programa de Cursos de Invierno UMH 2025\/2026<br \/>\nLos cursos est\u00e1n ordenados por fecha de inicio<br \/>\nLa matr\u00edcula se realizar\u00e1 de forma electr\u00f3nica. Las plazas se adjudicar\u00e1n por riguroso orden de matriculaci\u00f3n.<br \/>\nCampus de Altea<\/p>\n<p>         [&#8230;]<\/p>\n","protected":false},"author":2954,"featured_media":0,"parent":1626,"menu_order":1,"comment_status":"closed","ping_status":"closed","template":"","meta":{"ngg_post_thumbnail":0,"_links_to":"","_links_to_target":""},"_links":{"self":[{"href":"https:\/\/cultura.umh.es\/es\/wp-json\/wp\/v2\/pages\/9875"}],"collection":[{"href":"https:\/\/cultura.umh.es\/es\/wp-json\/wp\/v2\/pages"}],"about":[{"href":"https:\/\/cultura.umh.es\/es\/wp-json\/wp\/v2\/types\/page"}],"author":[{"embeddable":true,"href":"https:\/\/cultura.umh.es\/es\/wp-json\/wp\/v2\/users\/2954"}],"replies":[{"embeddable":true,"href":"https:\/\/cultura.umh.es\/es\/wp-json\/wp\/v2\/comments?post=9875"}],"version-history":[{"count":0,"href":"https:\/\/cultura.umh.es\/es\/wp-json\/wp\/v2\/pages\/9875\/revisions"}],"up":[{"embeddable":true,"href":"https:\/\/cultura.umh.es\/es\/wp-json\/wp\/v2\/pages\/1626"}],"wp:attachment":[{"href":"https:\/\/cultura.umh.es\/es\/wp-json\/wp\/v2\/media?parent=9875"}],"curies":[{"name":"wp","href":"https:\/\/api.w.org\/{rel}","templated":true}]}}