{"id":12401,"date":"2023-06-22T09:53:55","date_gmt":"2023-06-22T07:53:55","guid":{"rendered":"https:\/\/cultura.umh.es\/?page_id=12401"},"modified":"2026-02-25T12:10:20","modified_gmt":"2026-02-25T11:10:20","slug":"arts-visuals-i-esceniques-2","status":"publish","type":"page","link":"https:\/\/cultura.umh.es\/es\/arts-visuals-i-esceniques-2\/","title":{"rendered":"Artes visuales y esc\u00e9nicas"},"content":{"rendered":"<p><\/p>\n<h3><strong>Exposiciones<\/strong><\/h3>\n<p>Apostamos por una cultura universitaria p\u00fablica y de calidad. Para ello encontramos fundamental acercarnos a la creaci\u00f3n contempor\u00e1nea desde la programaci\u00f3n de propuestas art\u00edsticas y visuales acordes con nuestro tiempo. Las diferentes exposiciones que realizamos, as\u00ed como la colecci\u00f3n <em>Quaderns d\u2019Art<\/em>, funcionan como dispositivos culturales que desde la investigaci\u00f3n y la praxis expositiva, generan, difunden y transfieren conocimiento.<br \/>\n<a href=\"https:\/\/drive.google.com\/file\/d\/1UVt-raYIQ1jJ28k_L4GZV_KYAYbKJ8gp\/view?usp=drive_link\">Descargar Dossier de exposiciones (PDF) 100Mb<\/a><\/p>\n<p><strong>Salas y espacios:<br \/>\n<\/strong><a href=\"https:\/\/cultura.umh.es\/tag\/sala-tabala\/\">Sala Tabala, edificio La Valona<\/a><br \/>\n<a href=\"https:\/\/cultura.umh.es\/es\/tag\/espai-anul%c2%b7lar\/\">Espai Anul\u00b7lar, edificio La Valona<\/a><br \/>\n<a href=\"https:\/\/cultura.umh.es\/es\/tag\/sala-negra\/\">Sala Negra, edificio La Valona<\/a><br \/>\n<a href=\"https:\/\/cultura.umh.es\/es\/tag\/sala-eco-altabix\/\">Sala ECO, Espai Cultural Obert<\/a><\/p>\n<p><strong>Publicaciones:<br \/>\n<\/strong><a href=\"https:\/\/cultura.umh.es\/es\/publicacions\/quaderns-dart\/\">Quaderns d&#8217;Art<\/a><\/p>\n<h4><strong>CulturaLAB (Mediaci\u00f3n cultural)<\/strong><\/h4>\n<p><a href=\"https:\/\/cultura.umh.es\/es\/arts\/culturalab\/\">Ir a la p\u00e1gina de CulturaLAB<\/a><br \/>\n<a href=\"https:\/\/drive.google.com\/file\/d\/1PbGVHgi0IZJzt1WKEBrMm3zx0S4hUTrt\/view?usp=sharing\">Descargar libro <em>CulturaLAB. El departamento de educaci\u00f3n art\u00edstica y mediaci\u00f3n cultural de la UMH<\/em>&nbsp;(PDF) 55MB<\/a><\/p>\n<hr>\n<h3><strong>Teatro<\/strong><\/h3>\n<p><a href=\"https:\/\/cultura.umh.es\/es\/teatre2\/cursos-darts-esceniques\/\">Compa\u00f1\u00eda de Teatro UMH<\/a><\/p>\n<p><strong>Festivales y muestras:<br \/>\n<\/strong><a href=\"https:\/\/cultura.umh.es\/es\/tag\/muestra-de-teatro-umh\/\">Muestra de Teatro UMH<\/a><br \/>\n<a href=\"https:\/\/cultura.umh.es\/es\/teatre2\/festival-teatre-alcudia\/\">Festival de Teatro Cl\u00e1sico de La Alcudia<\/a><br \/>\n<a href=\"https:\/\/cultura.umh.es\/es\/teatre2\/festival-teatre-oscar-martin\/\">Muestra de Teatro \u00d3scar Mart\u00edn<\/a><\/p>\n<hr>\n<h3><strong>M\u00fasica<\/strong><\/h3>\n<p><a href=\"https:\/\/cultura.umh.es\/es\/musica\/joumh\/\">Joven Orquesta UMH (JOUMH)<\/a><br \/>\n<a href=\"https:\/\/cultura.umh.es\/es\/musica\/pneuma\/\">Ensemble Vocal Pneuma UMH (Coro)<\/a><\/p>\n<p><strong>Festivales y muestras:<br \/>\n<\/strong><a href=\"https:\/\/cultura.umh.es\/es\/musica\/umh-fest\/\">UMH Fest &#8211; Concurso de Grupos de M\u00fasica de la UMH<\/a><br \/>\n<a href=\"https:\/\/cultura.umh.es\/musica\/mostra-musica-en-valencia\/\">Mostra de m\u00fasica en valenci\u00e0<\/a><\/p>\n<hr>\n<h3><strong>Cine<\/strong><\/h3>\n<p><strong>Ciclos de cine:<br \/>\n<\/strong><a href=\"https:\/\/cultura.umh.es\/es\/arts-visuals-i-esceniques-2\/cicle-de-cinema-en-valencia\/\">Cicle de cinema en valenci\u00e0<\/a><br \/>\n<a href=\"https:\/\/cultura.umh.es\/es\/cinema\/cicle-de-cinema-en-valencia-i-tallers-danimacio\/\">Cicle de cinema infantil en valenci\u00e0<\/a><br \/>\n<a href=\"https:\/\/cultura.umh.es\/es\/tag\/club-cine-umh\/\">Club Cine UMH<\/a><br \/>\n<a href=\"https:\/\/cultura.umh.es\/es\/cinema\/basics-de-cinema-umh\/\">B\u00e1sicos de cine UMH<\/a><\/p>\n<p><strong>Festivales:<br \/>\n<\/strong><a href=\"https:\/\/cultura.umh.es\/es\/cinema\/festival-de-cinema-sant-joan-dalacant\/\">Festival de Cine de Sant Joan d\u2019Alacant<\/a><br \/>\n<a href=\"https:\/\/www.ruralfilmfest.org\/\">Rural FilmFest<\/a><br \/>\n<a href=\"https:\/\/cultura.umh.es\/es\/cinema\/festival-de-cinema-de-curst-delx\/\">Festival de Cine de Elche<\/a><br \/>\n<a href=\"https:\/\/cultura.umh.es\/es\/cinema\/festival-de-cinema-de-sax\/\">Festival de Cine de Sax<\/a><br \/>\n<a href=\"https:\/\/cultura.umh.es\/es\/cinema\/festival-internacional-de-cinema-fantastic-delx-fantaelx\/\">Festival Internacional de Cine Fant\u00e1stico de Elche \u2013 FANTAELX<\/a><\/p>\n<hr>\n<h3><strong>Fotograf\u00eda<\/strong><\/h3>\n<p><a href=\"https:\/\/cultura.umh.es\/es\/arts-visuals-i-esceniques-2\/fotografia\/club-de-fotografia\/\">Club de fotograf\u00eda UMH<\/a><\/p>\n<hr>\n<h3><strong>Literatura<\/strong><\/h3>\n<p><a href=\"https:\/\/cultura.umh.es\/es\/literatura\/premi-atzavares\/\">Premio de Relato corto Atzavares<\/a><br \/>\n<a href=\"https:\/\/cultura.umh.es\/es\/literatura\/club-de-lectura\/\">Club de Lectura UMH<\/a><\/p>\n<p><strong>Colaboraciones:<br \/>\n<\/strong><a href=\"https:\/\/cultura.umh.es\/es\/literatura\/promocio-literaria\/premi-sambori\/\">Premio Sambori<\/a><\/p>","protected":false},"excerpt":{"rendered":"<p>Exposiciones<br \/>\nApostamos por una cultura universitaria p\u00fablica y de calidad. Para ello encontramos fundamental acercarnos a la creaci\u00f3n contempor\u00e1nea desde la programaci\u00f3n de propuestas art\u00edsticas y visuales acordes con nuestro tiempo. Las diferentes exposiciones que realizamos, as\u00ed como la colecci\u00f3n Quaderns d\u2019Art, funcionan como dispositivos culturales que desde la investigaci\u00f3n y la praxis expositiva, generan, difunden [&#8230;]<\/p>\n","protected":false},"author":2954,"featured_media":0,"parent":0,"menu_order":2,"comment_status":"closed","ping_status":"closed","template":"","meta":{"ngg_post_thumbnail":0,"_links_to":"","_links_to_target":""},"_links":{"self":[{"href":"https:\/\/cultura.umh.es\/es\/wp-json\/wp\/v2\/pages\/12401"}],"collection":[{"href":"https:\/\/cultura.umh.es\/es\/wp-json\/wp\/v2\/pages"}],"about":[{"href":"https:\/\/cultura.umh.es\/es\/wp-json\/wp\/v2\/types\/page"}],"author":[{"embeddable":true,"href":"https:\/\/cultura.umh.es\/es\/wp-json\/wp\/v2\/users\/2954"}],"replies":[{"embeddable":true,"href":"https:\/\/cultura.umh.es\/es\/wp-json\/wp\/v2\/comments?post=12401"}],"version-history":[{"count":0,"href":"https:\/\/cultura.umh.es\/es\/wp-json\/wp\/v2\/pages\/12401\/revisions"}],"wp:attachment":[{"href":"https:\/\/cultura.umh.es\/es\/wp-json\/wp\/v2\/media?parent=12401"}],"curies":[{"name":"wp","href":"https:\/\/api.w.org\/{rel}","templated":true}]}}